{"id":41688,"date":"2023-04-21T01:26:32","date_gmt":"2023-04-21T01:26:32","guid":{"rendered":"http:\/\/ikz.emg.mybluehost.me\/?page_id=41688"},"modified":"2023-06-08T20:41:42","modified_gmt":"2023-06-08T20:41:42","slug":"noticias","status":"publish","type":"page","link":"https:\/\/scrantonlawfirm.com\/es\/helpful-legal-information\/news\/","title":{"rendered":"Noticias"},"content":{"rendered":"<div data-elementor-type=\"wp-page\" data-elementor-id=\"41688\" class=\"elementor elementor-41688\" data-elementor-post-type=\"page\">\n\t\t\t\t\t\t<section class=\"elementor-section elementor-top-section elementor-element elementor-element-0c72432 elementor-section-height-min-height elementor-section-boxed elementor-section-height-default elementor-section-items-middle\" data-id=\"0c72432\" data-element_type=\"section\" data-e-type=\"section\" data-settings=\"{&quot;background_background&quot;:&quot;classic&quot;}\">\n\t\t\t\t\t\t\t<div class=\"elementor-background-overlay\"><\/div>\n\t\t\t\t\t\t\t<div class=\"elementor-container elementor-column-gap-default\">\n\t\t\t\t\t<div class=\"elementor-column elementor-col-100 elementor-top-column elementor-element elementor-element-546d36a\" data-id=\"546d36a\" data-element_type=\"column\" data-e-type=\"column\">\n\t\t\t<div class=\"elementor-widget-wrap elementor-element-populated\">\n\t\t\t\t\t\t<div class=\"elementor-element elementor-element-924ee59 elementor-widget elementor-widget-heading\" data-id=\"924ee59\" data-element_type=\"widget\" data-e-type=\"widget\" data-widget_type=\"heading.default\">\n\t\t\t\t<div class=\"elementor-widget-container\">\n\t\t\t\t\t<h1 class=\"elementor-heading-title elementor-size-default\">Noticias de accidentes<\/h1>\t\t\t\t<\/div>\n\t\t\t\t<\/div>\n\t\t\t\t<div class=\"elementor-element elementor-element-e9cce25 elementor-widget elementor-widget-heading\" data-id=\"e9cce25\" data-element_type=\"widget\" data-e-type=\"widget\" data-widget_type=\"heading.default\">\n\t\t\t\t<div class=\"elementor-widget-container\">\n\t\t\t\t\t<h2 class=\"elementor-heading-title elementor-size-default\">Entendiendo los Accidentes Desde Una Perspectiva Legal <\/h2>\t\t\t\t<\/div>\n\t\t\t\t<\/div>\n\t\t\t\t<div class=\"elementor-element elementor-element-6e8bc42 elementor-widget-divider--view-line elementor-widget elementor-widget-divider\" data-id=\"6e8bc42\" data-element_type=\"widget\" data-e-type=\"widget\" data-widget_type=\"divider.default\">\n\t\t\t\t<div class=\"elementor-widget-container\">\n\t\t\t\t\t\t\t<div class=\"elementor-divider\">\n\t\t\t<span class=\"elementor-divider-separator\">\n\t\t\t\t\t\t<\/span>\n\t\t<\/div>\n\t\t\t\t\t\t<\/div>\n\t\t\t\t<\/div>\n\t\t\t\t\t<\/div>\n\t\t<\/div>\n\t\t\t\t\t<\/div>\n\t\t<\/section>\n\t\t\t\t<section class=\"elementor-section elementor-top-section elementor-element elementor-element-40529773 elementor-section-boxed elementor-section-height-default elementor-section-height-default\" data-id=\"40529773\" data-element_type=\"section\" data-e-type=\"section\">\n\t\t\t\t\t\t<div class=\"elementor-container elementor-column-gap-default\">\n\t\t\t\t\t<div class=\"elementor-column elementor-col-100 elementor-top-column elementor-element elementor-element-b3b973c\" data-id=\"b3b973c\" data-element_type=\"column\" data-e-type=\"column\">\n\t\t\t<div class=\"elementor-widget-wrap elementor-element-populated\">\n\t\t\t\t\t\t<div class=\"elementor-element elementor-element-709298f elementor-search-form--skin-classic elementor-search-form--button-type-icon elementor-search-form--icon-search elementor-widget elementor-widget-search-form\" data-id=\"709298f\" data-element_type=\"widget\" data-e-type=\"widget\" data-settings=\"{&quot;skin&quot;:&quot;classic&quot;}\" data-widget_type=\"search-form.default\">\n\t\t\t\t<div class=\"elementor-widget-container\">\n\t\t\t\t\t\t\t<search role=\"search\">\n\t\t\t<form class=\"elementor-search-form\" action=\"https:\/\/scrantonlawfirm.com\/es\/\" method=\"get\" data-trp-original-action=\"https:\/\/scrantonlawfirm.com\/es\">\n\t\t\t\t\t\t\t\t\t\t\t\t<div class=\"elementor-search-form__container\">\n\t\t\t\t\t<label class=\"elementor-screen-only\" for=\"elementor-search-form-709298f\">Search<\/label>\n\n\t\t\t\t\t\n\t\t\t\t\t<input id=\"elementor-search-form-709298f\" placeholder=\"Buscar...\" class=\"elementor-search-form__input\" type=\"search\" name=\"s\" value=\"\">\n\t\t\t\t\t\n\t\t\t\t\t\t\t\t\t\t\t<button class=\"elementor-search-form__submit\" type=\"submit\" aria-label=\"Search\">\n\t\t\t\t\t\t\t\t\t\t\t\t\t\t\t<i aria-hidden=\"true\" class=\"fas fa-search\"><\/i>\t\t\t\t\t\t\t\t\t\t\t\t\t<\/button>\n\t\t\t\t\t\n\t\t\t\t\t\t\t\t\t<\/div>\n\t\t\t<input type=\"hidden\" name=\"trp-form-language\" value=\"es\"\/><\/form>\n\t\t<\/search>\n\t\t\t\t\t\t<\/div>\n\t\t\t\t<\/div>\n\t\t\t\t<div class=\"elementor-element elementor-element-e3ade69 elementor-grid-3 elementor-grid-tablet-2 elementor-grid-mobile-1 elementor-posts--thumbnail-top elementor-posts--show-avatar elementor-card-shadow-yes elementor-posts__hover-gradient load-more-align-center elementor-widget elementor-widget-posts\" data-id=\"e3ade69\" data-element_type=\"widget\" data-e-type=\"widget\" data-settings=\"{&quot;pagination_type&quot;:&quot;load_more_on_click&quot;,&quot;cards_columns&quot;:&quot;3&quot;,&quot;cards_columns_tablet&quot;:&quot;2&quot;,&quot;cards_columns_mobile&quot;:&quot;1&quot;,&quot;cards_row_gap&quot;:{&quot;unit&quot;:&quot;px&quot;,&quot;size&quot;:35,&quot;sizes&quot;:[]},&quot;cards_row_gap_tablet&quot;:{&quot;unit&quot;:&quot;px&quot;,&quot;size&quot;:&quot;&quot;,&quot;sizes&quot;:[]},&quot;cards_row_gap_mobile&quot;:{&quot;unit&quot;:&quot;px&quot;,&quot;size&quot;:&quot;&quot;,&quot;sizes&quot;:[]},&quot;load_more_spinner&quot;:{&quot;value&quot;:&quot;fas fa-spinner&quot;,&quot;library&quot;:&quot;fa-solid&quot;}}\" data-widget_type=\"posts.cards\">\n\t\t\t\t<div class=\"elementor-widget-container\">\n\t\t\t\t\t\t\t<div class=\"elementor-posts-container elementor-posts elementor-posts--skin-cards elementor-grid\" role=\"list\">\n\t\t\t\t<article class=\"elementor-post elementor-grid-item post-93064 post type-post status-publish format-standard hentry category-news-accidents category-news tag-car-into-building tag-chinatown tag-jackson-street tag-new-lun-ting-cafe tag-parking-error-crash tag-pedestrian-accident tag-pedestrian-killed tag-san-francisco tag-san-francisco-police-department tag-suv-jumps-curb tag-walk-san-francisco-2026 tag-wrongful-death-san-francisco\" role=\"listitem\">\n\t\t\t<div class=\"elementor-post__card\">\n\t\t\t\t<div class=\"elementor-post__text\">\n\t\t\t\t<h3 class=\"elementor-post__title\">\n\t\t\t<a href=\"https:\/\/scrantonlawfirm.com\/es\/pedestrian-killed-car-crashes-new-lun-ting-cafe-jackson-street-chinatown-san-francisco-march-27-2026\/\" >\n\t\t\t\tPeat\u00f3n Muere y Otro Queda Gravemente Herido Tras SUV Plateada Subir a la Acera y Chocar Contra Nuevo Restaurante \"New Lun Ting Caf\u00e9\" en la Calle Jackson, Chinatown de San Francisco \u2013 27 de Marzo de 2026\t\t\t<\/a>\n\t\t<\/h3>\n\t\t\n\t\t<a class=\"elementor-post__read-more\" href=\"https:\/\/scrantonlawfirm.com\/es\/pedestrian-killed-car-crashes-new-lun-ting-cafe-jackson-street-chinatown-san-francisco-march-27-2026\/\" aria-label=\"Read more about Pedestrian Killed, Another Seriously Injured After Silver SUV Jumps Curb and Crashes Into New Lun Ting Caf\u00e9 on Jackson Street in San Francisco&#8217;s Chinatown \u2013 March 27, 2026\" tabindex=\"-1\" >\n\t\t\tLeer m\u00e1s\t\t<\/a>\n\n\t\t\t\t<\/div>\n\t\t\t\t<div class=\"elementor-post__meta-data\">\n\t\t\t\t\t<span class=\"elementor-post-date\">\n\t\t\t31 de marzo de 2026\t\t<\/span>\n\t\t\t\t<\/div>\n\t\t\t\t\t<\/div>\n\t\t<\/article>\n\t\t\t\t<article class=\"elementor-post elementor-grid-item post-93059 post type-post status-publish format-standard hentry category-news-accidents category-news tag-alameda-county tag-big-rig-crash tag-chp tag-commercial-truck-accident tag-diesel-spill tag-dublin tag-hazmat tag-i-580-accident tag-personal-injury tag-san-ramon-road tag-semi-truck-jackknife tag-six-vehicle-pileup tag-truck-accident-lawyer\" role=\"listitem\">\n\t\t\t<div class=\"elementor-post__card\">\n\t\t\t\t<div class=\"elementor-post__text\">\n\t\t\t\t<h3 class=\"elementor-post__title\">\n\t\t\t<a href=\"https:\/\/scrantonlawfirm.com\/es\/six-vehicle-crash-big-rigs-i-580-san-ramon-road-dublin-march-24-2026\/\" >\n\t\t\t\tAccidente de seis veh\u00edculos involucrando dos tr\u00e1ileres cierra la I-580 en direcci\u00f3n oeste durante toda la noche en Dublin, derrama 100 galones de di\u00e9sel \u2013 24 de marzo de 2026\t\t\t<\/a>\n\t\t<\/h3>\n\t\t\n\t\t<a class=\"elementor-post__read-more\" href=\"https:\/\/scrantonlawfirm.com\/es\/six-vehicle-crash-big-rigs-i-580-san-ramon-road-dublin-march-24-2026\/\" aria-label=\"Read more about Six-Vehicle Pileup Involving Two Big Rigs Closes Westbound I-580 Overnight in Dublin, Spills 100 Gallons of Diesel \u2013 March 24, 2026\" tabindex=\"-1\" >\n\t\t\tLeer m\u00e1s\t\t<\/a>\n\n\t\t\t\t<\/div>\n\t\t\t\t<div class=\"elementor-post__meta-data\">\n\t\t\t\t\t<span class=\"elementor-post-date\">\n\t\t\t24 de marzo de 2026\t\t<\/span>\n\t\t\t\t<\/div>\n\t\t\t\t\t<\/div>\n\t\t<\/article>\n\t\t\t\t<article class=\"elementor-post elementor-grid-item post-93054 post type-post status-publish format-standard hentry category-news-accidents category-news tag-blackford-lane tag-fatal-motorcycle-crash tag-left-turn-collision tag-mazda-cx-5 tag-meridian-avenue tag-motorcycle-accident tag-san-jose tag-san-jose-police-department tag-santa-clara-county tag-willow-glen tag-wrongful-death-2026 tag-yamaha-motorcycle\" role=\"listitem\">\n\t\t\t<div class=\"elementor-post__card\">\n\t\t\t\t<div class=\"elementor-post__text\">\n\t\t\t\t<h3 class=\"elementor-post__title\">\n\t\t\t<a href=\"https:\/\/scrantonlawfirm.com\/es\/motorcyclist-killed-meridian-avenue-blackford-lane-willow-glen-san-jose-march-24-2026\/\" >\n\t\t\t\tMotociclista Muere Tras Que una Camioneta Mazda Girara a la Izquierda Invadiendo su Carril en Meridian Avenue, en el Barrio Willow Glen de San Jos\u00e9 \u2013 24 de marzo de 2026\t\t\t<\/a>\n\t\t<\/h3>\n\t\t\n\t\t<a class=\"elementor-post__read-more\" href=\"https:\/\/scrantonlawfirm.com\/es\/motorcyclist-killed-meridian-avenue-blackford-lane-willow-glen-san-jose-march-24-2026\/\" aria-label=\"Read more about Motorcyclist Killed After Mazda SUV Turns Left Into His Path on Meridian Avenue in San Jose&#8217;s Willow Glen Neighborhood \u2013 March 24, 2026\" tabindex=\"-1\" >\n\t\t\tLeer m\u00e1s\t\t<\/a>\n\n\t\t\t\t<\/div>\n\t\t\t\t<div class=\"elementor-post__meta-data\">\n\t\t\t\t\t<span class=\"elementor-post-date\">\n\t\t\t24 de marzo de 2026\t\t<\/span>\n\t\t\t\t<\/div>\n\t\t\t\t\t<\/div>\n\t\t<\/article>\n\t\t\t\t<article class=\"elementor-post elementor-grid-item post-92977 post type-post status-publish format-standard has-post-thumbnail hentry category-news-accidents category-news tag-bechelli-lane tag-mercy-medical-center tag-motorcycle-accident tag-motorcyclist-trapped-under-vehicle tag-northern-california-motorcycle-accident tag-personal-injury tag-redding tag-redding-police-department tag-roundabout-crash tag-shasta-county tag-south-bonnyview-road\" role=\"listitem\">\n\t\t\t<div class=\"elementor-post__card\">\n\t\t\t\t<a class=\"elementor-post__thumbnail__link\" href=\"https:\/\/scrantonlawfirm.com\/es\/motorcyclist-trapped-under-vehicle-bechelli-lane-bonnyview-roundabout-redding-march-17-2026\/\" tabindex=\"-1\" ><div class=\"elementor-post__thumbnail\"><img decoding=\"async\" width=\"300\" height=\"164\" src=\"https:\/\/scrantonlawfirm.com\/wp-content\/uploads\/san-jose-motorcycle-fatality-branham-jarvis-300x164.webp\" class=\"attachment-medium size-medium wp-image-92236\" alt=\"Escena de choque fatal de motocicleta en Branham Lane y Jarvis Avenue\" srcset=\"https:\/\/scrantonlawfirm.com\/wp-content\/uploads\/san-jose-motorcycle-fatality-branham-jarvis-300x164.webp 300w, https:\/\/scrantonlawfirm.com\/wp-content\/uploads\/san-jose-motorcycle-fatality-branham-jarvis-1024x559.webp 1024w, https:\/\/scrantonlawfirm.com\/wp-content\/uploads\/san-jose-motorcycle-fatality-branham-jarvis-768x419.webp 768w, https:\/\/scrantonlawfirm.com\/wp-content\/uploads\/san-jose-motorcycle-fatality-branham-jarvis-18x10.webp 18w, https:\/\/scrantonlawfirm.com\/wp-content\/uploads\/san-jose-motorcycle-fatality-branham-jarvis.webp 1408w\" sizes=\"(max-width: 300px) 100vw, 300px\" \/><\/div><\/a>\n\t\t\t\t<div class=\"elementor-post__avatar\">\n\t\t\t<img alt='Jason Molino' src='https:\/\/secure.gravatar.com\/avatar\/33819dcc37c9c1ab57a2393eb2c918525d131b2f221a7c42a697daaa19582749?s=128&#038;d=identicon&#038;r=g' srcset='https:\/\/secure.gravatar.com\/avatar\/33819dcc37c9c1ab57a2393eb2c918525d131b2f221a7c42a697daaa19582749?s=256&#038;d=identicon&#038;r=g 2x' class='avatar avatar-128 photo' height='128' width='128' \/>\t\t<\/div>\n\t\t\t\t<div class=\"elementor-post__text\">\n\t\t\t\t<h3 class=\"elementor-post__title\">\n\t\t\t<a href=\"https:\/\/scrantonlawfirm.com\/es\/motorcyclist-trapped-under-vehicle-bechelli-lane-bonnyview-roundabout-redding-march-17-2026\/\" >\n\t\t\t\tMotociclista Atrapado Bajo Veh\u00edculo Tras Accidente en la Redonda de Bechelli Lane y South Bonnyview en Redding \u2013 17 de Marzo de 2026\t\t\t<\/a>\n\t\t<\/h3>\n\t\t\n\t\t<a class=\"elementor-post__read-more\" href=\"https:\/\/scrantonlawfirm.com\/es\/motorcyclist-trapped-under-vehicle-bechelli-lane-bonnyview-roundabout-redding-march-17-2026\/\" aria-label=\"Read more about Motorcyclist Trapped Under Vehicle After Crash at Bechelli Lane and South Bonnyview Roundabout in Redding \u2013 March 17, 2026\" tabindex=\"-1\" >\n\t\t\tLeer m\u00e1s\t\t<\/a>\n\n\t\t\t\t<\/div>\n\t\t\t\t<div class=\"elementor-post__meta-data\">\n\t\t\t\t\t<span class=\"elementor-post-date\">\n\t\t\t17 de marzo de 2026\t\t<\/span>\n\t\t\t\t<\/div>\n\t\t\t\t\t<\/div>\n\t\t<\/article>\n\t\t\t\t<article class=\"elementor-post elementor-grid-item post-92811 post type-post status-publish format-standard has-post-thumbnail hentry category-news-accidents category-news tag-branham-lane-accident tag-california-wrongful-death tag-jarvis-avenue-crash tag-juvenile-injured tag-motorcycle-fatality tag-personal-injury-san-jose tag-san-jose-motorcycle-crash tag-san-jose-traffic-accident tag-santa-clara-county-collision\" role=\"listitem\">\n\t\t\t<div class=\"elementor-post__card\">\n\t\t\t\t<a class=\"elementor-post__thumbnail__link\" href=\"https:\/\/scrantonlawfirm.com\/es\/motorcycle-rider-injured-sacramento-st-dwight-way-berkeley-march-11-2026\/\" tabindex=\"-1\" ><div class=\"elementor-post__thumbnail\"><img decoding=\"async\" width=\"300\" height=\"164\" src=\"https:\/\/scrantonlawfirm.com\/wp-content\/uploads\/san-jose-motorcycle-fatality-branham-jarvis-300x164.webp\" class=\"attachment-medium size-medium wp-image-92236\" alt=\"Escena de choque fatal de motocicleta en Branham Lane y Jarvis Avenue\" srcset=\"https:\/\/scrantonlawfirm.com\/wp-content\/uploads\/san-jose-motorcycle-fatality-branham-jarvis-300x164.webp 300w, https:\/\/scrantonlawfirm.com\/wp-content\/uploads\/san-jose-motorcycle-fatality-branham-jarvis-1024x559.webp 1024w, https:\/\/scrantonlawfirm.com\/wp-content\/uploads\/san-jose-motorcycle-fatality-branham-jarvis-768x419.webp 768w, https:\/\/scrantonlawfirm.com\/wp-content\/uploads\/san-jose-motorcycle-fatality-branham-jarvis-18x10.webp 18w, https:\/\/scrantonlawfirm.com\/wp-content\/uploads\/san-jose-motorcycle-fatality-branham-jarvis.webp 1408w\" sizes=\"(max-width: 300px) 100vw, 300px\" \/><\/div><\/a>\n\t\t\t\t<div class=\"elementor-post__avatar\">\n\t\t\t<img alt='Jason Molino' src='https:\/\/secure.gravatar.com\/avatar\/33819dcc37c9c1ab57a2393eb2c918525d131b2f221a7c42a697daaa19582749?s=128&#038;d=identicon&#038;r=g' srcset='https:\/\/secure.gravatar.com\/avatar\/33819dcc37c9c1ab57a2393eb2c918525d131b2f221a7c42a697daaa19582749?s=256&#038;d=identicon&#038;r=g 2x' class='avatar avatar-128 photo' height='128' width='128' \/>\t\t<\/div>\n\t\t\t\t<div class=\"elementor-post__text\">\n\t\t\t\t<h3 class=\"elementor-post__title\">\n\t\t\t<a href=\"https:\/\/scrantonlawfirm.com\/es\/motorcycle-rider-injured-sacramento-st-dwight-way-berkeley-march-11-2026\/\" >\n\t\t\t\tMotociclista herido en colisi\u00f3n en Sacramento Street y Dwight Way en South Berkeley \u2013 11 de marzo de 2026\t\t\t<\/a>\n\t\t<\/h3>\n\t\t\n\t\t<a class=\"elementor-post__read-more\" href=\"https:\/\/scrantonlawfirm.com\/es\/motorcycle-rider-injured-sacramento-st-dwight-way-berkeley-march-11-2026\/\" aria-label=\"Read more about Motorcycle Rider Injured in Collision at Sacramento Street and Dwight Way in South Berkeley \u2013 March 11, 2026\" tabindex=\"-1\" >\n\t\t\tLeer m\u00e1s\t\t<\/a>\n\n\t\t\t\t<\/div>\n\t\t\t\t<div class=\"elementor-post__meta-data\">\n\t\t\t\t\t<span class=\"elementor-post-date\">\n\t\t\t12 de marzo de 2026\t\t<\/span>\n\t\t\t\t<\/div>\n\t\t\t\t\t<\/div>\n\t\t<\/article>\n\t\t\t\t<article class=\"elementor-post elementor-grid-item post-92800 post type-post status-publish format-standard has-post-thumbnail hentry category-news-accidents category-news tag-branham-lane-accident tag-california-wrongful-death tag-jarvis-avenue-crash tag-juvenile-injured tag-motorcycle-fatality tag-personal-injury-san-jose tag-san-jose-motorcycle-crash tag-san-jose-traffic-accident tag-santa-clara-county-collision\" role=\"listitem\">\n\t\t\t<div class=\"elementor-post__card\">\n\t\t\t\t<a class=\"elementor-post__thumbnail__link\" href=\"https:\/\/scrantonlawfirm.com\/es\/pedestrian-killed-scooter-rider-injured-in-crash-near-broadway-and-kearny-street-in-san-francisco-march-5-2026\/\" tabindex=\"-1\" ><div class=\"elementor-post__thumbnail\"><img decoding=\"async\" width=\"300\" height=\"164\" src=\"https:\/\/scrantonlawfirm.com\/wp-content\/uploads\/san-jose-motorcycle-fatality-branham-jarvis-300x164.webp\" class=\"attachment-medium size-medium wp-image-92236\" alt=\"Escena de choque fatal de motocicleta en Branham Lane y Jarvis Avenue\" srcset=\"https:\/\/scrantonlawfirm.com\/wp-content\/uploads\/san-jose-motorcycle-fatality-branham-jarvis-300x164.webp 300w, https:\/\/scrantonlawfirm.com\/wp-content\/uploads\/san-jose-motorcycle-fatality-branham-jarvis-1024x559.webp 1024w, https:\/\/scrantonlawfirm.com\/wp-content\/uploads\/san-jose-motorcycle-fatality-branham-jarvis-768x419.webp 768w, https:\/\/scrantonlawfirm.com\/wp-content\/uploads\/san-jose-motorcycle-fatality-branham-jarvis-18x10.webp 18w, https:\/\/scrantonlawfirm.com\/wp-content\/uploads\/san-jose-motorcycle-fatality-branham-jarvis.webp 1408w\" sizes=\"(max-width: 300px) 100vw, 300px\" \/><\/div><\/a>\n\t\t\t\t<div class=\"elementor-post__avatar\">\n\t\t\t<img alt='Jason Molino' src='https:\/\/secure.gravatar.com\/avatar\/33819dcc37c9c1ab57a2393eb2c918525d131b2f221a7c42a697daaa19582749?s=128&#038;d=identicon&#038;r=g' srcset='https:\/\/secure.gravatar.com\/avatar\/33819dcc37c9c1ab57a2393eb2c918525d131b2f221a7c42a697daaa19582749?s=256&#038;d=identicon&#038;r=g 2x' class='avatar avatar-128 photo' height='128' width='128' \/>\t\t<\/div>\n\t\t\t\t<div class=\"elementor-post__text\">\n\t\t\t\t<h3 class=\"elementor-post__title\">\n\t\t\t<a href=\"https:\/\/scrantonlawfirm.com\/es\/pedestrian-killed-scooter-rider-injured-in-crash-near-broadway-and-kearny-street-in-san-francisco-march-5-2026\/\" >\n\t\t\t\tPeat\u00f3n fallece, ciclista resulta herido en choque cerca de Broadway y Kearny Street en San Francisco \u2013 5 de marzo de 2026\t\t\t<\/a>\n\t\t<\/h3>\n\t\t\n\t\t<a class=\"elementor-post__read-more\" href=\"https:\/\/scrantonlawfirm.com\/es\/pedestrian-killed-scooter-rider-injured-in-crash-near-broadway-and-kearny-street-in-san-francisco-march-5-2026\/\" aria-label=\"Read more about Pedestrian Killed, Scooter Rider Injured in Crash Near Broadway and Kearny Street in San Francisco \u2013 March 5, 2026\" tabindex=\"-1\" >\n\t\t\tLeer m\u00e1s\t\t<\/a>\n\n\t\t\t\t<\/div>\n\t\t\t\t<div class=\"elementor-post__meta-data\">\n\t\t\t\t\t<span class=\"elementor-post-date\">\n\t\t\t5 de marzo de 2026\t\t<\/span>\n\t\t\t\t<\/div>\n\t\t\t\t\t<\/div>\n\t\t<\/article>\n\t\t\t\t<article class=\"elementor-post elementor-grid-item post-92878 post type-post status-publish format-standard has-post-thumbnail hentry category-news-accidents category-news tag-butte-county tag-california-truck-accident tag-centerline-crossing tag-cherokee-road tag-chp-oroville tag-commercial-truck-accident tag-delivery-truck-crash tag-fedex-truck-accident tag-head-on-crash tag-personal-injury tag-sr-70 tag-state-route-70\" role=\"listitem\">\n\t\t\t<div class=\"elementor-post__card\">\n\t\t\t\t<a class=\"elementor-post__thumbnail__link\" href=\"https:\/\/scrantonlawfirm.com\/es\/two-drivers-injured-head-on-crash-sr-70-cherokee-road-butte-county-march-5-2026\/\" tabindex=\"-1\" ><div class=\"elementor-post__thumbnail\"><img decoding=\"async\" width=\"300\" height=\"164\" src=\"https:\/\/scrantonlawfirm.com\/wp-content\/uploads\/san-jose-motorcycle-fatality-branham-jarvis-300x164.webp\" class=\"attachment-medium size-medium wp-image-92236\" alt=\"Escena de choque fatal de motocicleta en Branham Lane y Jarvis Avenue\" srcset=\"https:\/\/scrantonlawfirm.com\/wp-content\/uploads\/san-jose-motorcycle-fatality-branham-jarvis-300x164.webp 300w, https:\/\/scrantonlawfirm.com\/wp-content\/uploads\/san-jose-motorcycle-fatality-branham-jarvis-1024x559.webp 1024w, https:\/\/scrantonlawfirm.com\/wp-content\/uploads\/san-jose-motorcycle-fatality-branham-jarvis-768x419.webp 768w, https:\/\/scrantonlawfirm.com\/wp-content\/uploads\/san-jose-motorcycle-fatality-branham-jarvis-18x10.webp 18w, https:\/\/scrantonlawfirm.com\/wp-content\/uploads\/san-jose-motorcycle-fatality-branham-jarvis.webp 1408w\" sizes=\"(max-width: 300px) 100vw, 300px\" \/><\/div><\/a>\n\t\t\t\t<div class=\"elementor-post__avatar\">\n\t\t\t<img alt='Jason Molino' src='https:\/\/secure.gravatar.com\/avatar\/33819dcc37c9c1ab57a2393eb2c918525d131b2f221a7c42a697daaa19582749?s=128&#038;d=identicon&#038;r=g' srcset='https:\/\/secure.gravatar.com\/avatar\/33819dcc37c9c1ab57a2393eb2c918525d131b2f221a7c42a697daaa19582749?s=256&#038;d=identicon&#038;r=g 2x' class='avatar avatar-128 photo' height='128' width='128' \/>\t\t<\/div>\n\t\t\t\t<div class=\"elementor-post__text\">\n\t\t\t\t<h3 class=\"elementor-post__title\">\n\t\t\t<a href=\"https:\/\/scrantonlawfirm.com\/es\/two-drivers-injured-head-on-crash-sr-70-cherokee-road-butte-county-march-5-2026\/\" >\n\t\t\t\tDos conductores heridos tras un choque frontal protagonizado por una camioneta FedEx que cruz\u00f3 la l\u00ednea central en la SR-70 cerca de Cherokee Road\t\t\t<\/a>\n\t\t<\/h3>\n\t\t\n\t\t<a class=\"elementor-post__read-more\" href=\"https:\/\/scrantonlawfirm.com\/es\/two-drivers-injured-head-on-crash-sr-70-cherokee-road-butte-county-march-5-2026\/\" aria-label=\"Read more about Two Drivers Injured After FedEx Truck Crosses Centerline in Head-On Crash on SR-70 Near Cherokee Road\" tabindex=\"-1\" >\n\t\t\tLeer m\u00e1s\t\t<\/a>\n\n\t\t\t\t<\/div>\n\t\t\t\t<div class=\"elementor-post__meta-data\">\n\t\t\t\t\t<span class=\"elementor-post-date\">\n\t\t\t5 de marzo de 2026\t\t<\/span>\n\t\t\t\t<\/div>\n\t\t\t\t\t<\/div>\n\t\t<\/article>\n\t\t\t\t<article class=\"elementor-post elementor-grid-item post-92887 post type-post status-publish format-standard has-post-thumbnail hentry category-news-accidents category-news tag-4th-street tag-channel-street tag-child-pedestrian-death tag-fatal-pedestrian-accident tag-high-injury-network tag-mission-bay tag-san-francisco tag-san-francisco-pedestrian-safety tag-sfmta tag-toddler-killed-crosswalk tag-wrongful-death tag-wrongful-death-claims-california\" role=\"listitem\">\n\t\t\t<div class=\"elementor-post__card\">\n\t\t\t\t<a class=\"elementor-post__thumbnail__link\" href=\"https:\/\/scrantonlawfirm.com\/es\/toddler-killed-mother-injured-4th-channel-streets-mission-rock-san-francisco-feb-27-2026\/\" tabindex=\"-1\" ><div class=\"elementor-post__thumbnail\"><img decoding=\"async\" width=\"300\" height=\"164\" src=\"https:\/\/scrantonlawfirm.com\/wp-content\/uploads\/san-jose-motorcycle-fatality-branham-jarvis-300x164.webp\" class=\"attachment-medium size-medium wp-image-92236\" alt=\"Escena de choque fatal de motocicleta en Branham Lane y Jarvis Avenue\" srcset=\"https:\/\/scrantonlawfirm.com\/wp-content\/uploads\/san-jose-motorcycle-fatality-branham-jarvis-300x164.webp 300w, https:\/\/scrantonlawfirm.com\/wp-content\/uploads\/san-jose-motorcycle-fatality-branham-jarvis-1024x559.webp 1024w, https:\/\/scrantonlawfirm.com\/wp-content\/uploads\/san-jose-motorcycle-fatality-branham-jarvis-768x419.webp 768w, https:\/\/scrantonlawfirm.com\/wp-content\/uploads\/san-jose-motorcycle-fatality-branham-jarvis-18x10.webp 18w, https:\/\/scrantonlawfirm.com\/wp-content\/uploads\/san-jose-motorcycle-fatality-branham-jarvis.webp 1408w\" sizes=\"(max-width: 300px) 100vw, 300px\" \/><\/div><\/a>\n\t\t\t\t<div class=\"elementor-post__avatar\">\n\t\t\t<img alt='Jason Molino' src='https:\/\/secure.gravatar.com\/avatar\/33819dcc37c9c1ab57a2393eb2c918525d131b2f221a7c42a697daaa19582749?s=128&#038;d=identicon&#038;r=g' srcset='https:\/\/secure.gravatar.com\/avatar\/33819dcc37c9c1ab57a2393eb2c918525d131b2f221a7c42a697daaa19582749?s=256&#038;d=identicon&#038;r=g 2x' class='avatar avatar-128 photo' height='128' width='128' \/>\t\t<\/div>\n\t\t\t\t<div class=\"elementor-post__text\">\n\t\t\t\t<h3 class=\"elementor-post__title\">\n\t\t\t<a href=\"https:\/\/scrantonlawfirm.com\/es\/toddler-killed-mother-injured-4th-channel-streets-mission-rock-san-francisco-feb-27-2026\/\" >\n\t\t\t\tUn ni\u00f1o peque\u00f1o muere y su madre resulta herida en la calle 4th Channel, en Mission Rock, San Francisco, el 27 de febrero de 2026\t\t\t<\/a>\n\t\t<\/h3>\n\t\t\n\t\t<a class=\"elementor-post__read-more\" href=\"https:\/\/scrantonlawfirm.com\/es\/toddler-killed-mother-injured-4th-channel-streets-mission-rock-san-francisco-feb-27-2026\/\" aria-label=\"Read more about Toddler Killed Mother Injured 4th Channel Streets Mission Rock San Francisco Feb 27 2026\" tabindex=\"-1\" >\n\t\t\tLeer m\u00e1s\t\t<\/a>\n\n\t\t\t\t<\/div>\n\t\t\t\t<div class=\"elementor-post__meta-data\">\n\t\t\t\t\t<span class=\"elementor-post-date\">\n\t\t\t27 de febrero de 2026\t\t<\/span>\n\t\t\t\t<\/div>\n\t\t\t\t\t<\/div>\n\t\t<\/article>\n\t\t\t\t<article class=\"elementor-post elementor-grid-item post-92819 post type-post status-publish format-standard has-post-thumbnail hentry category-news-accidents category-news tag-buchanan-road tag-california-motorcycle-law tag-contra-costa-county tag-drunk-driving-victim tag-dui-arrest tag-dui-crash tag-fatal-motorcycle-accident tag-motorcycle-wrongful-death tag-pittsburg tag-pittsburg-police tag-wrongful-death\" role=\"listitem\">\n\t\t\t<div class=\"elementor-post__card\">\n\t\t\t\t<a class=\"elementor-post__thumbnail__link\" href=\"https:\/\/scrantonlawfirm.com\/es\/motorcyclist-killed-dui-crash-buchanan-road-pittsburg-feb-26-2026\/\" tabindex=\"-1\" ><div class=\"elementor-post__thumbnail\"><img decoding=\"async\" width=\"300\" height=\"164\" src=\"https:\/\/scrantonlawfirm.com\/wp-content\/uploads\/san-jose-motorcycle-fatality-branham-jarvis-300x164.webp\" class=\"attachment-medium size-medium wp-image-92236\" alt=\"Escena de choque fatal de motocicleta en Branham Lane y Jarvis Avenue\" srcset=\"https:\/\/scrantonlawfirm.com\/wp-content\/uploads\/san-jose-motorcycle-fatality-branham-jarvis-300x164.webp 300w, https:\/\/scrantonlawfirm.com\/wp-content\/uploads\/san-jose-motorcycle-fatality-branham-jarvis-1024x559.webp 1024w, https:\/\/scrantonlawfirm.com\/wp-content\/uploads\/san-jose-motorcycle-fatality-branham-jarvis-768x419.webp 768w, https:\/\/scrantonlawfirm.com\/wp-content\/uploads\/san-jose-motorcycle-fatality-branham-jarvis-18x10.webp 18w, https:\/\/scrantonlawfirm.com\/wp-content\/uploads\/san-jose-motorcycle-fatality-branham-jarvis.webp 1408w\" sizes=\"(max-width: 300px) 100vw, 300px\" \/><\/div><\/a>\n\t\t\t\t<div class=\"elementor-post__avatar\">\n\t\t\t<img alt='Jason Molino' src='https:\/\/secure.gravatar.com\/avatar\/33819dcc37c9c1ab57a2393eb2c918525d131b2f221a7c42a697daaa19582749?s=128&#038;d=identicon&#038;r=g' srcset='https:\/\/secure.gravatar.com\/avatar\/33819dcc37c9c1ab57a2393eb2c918525d131b2f221a7c42a697daaa19582749?s=256&#038;d=identicon&#038;r=g 2x' class='avatar avatar-128 photo' height='128' width='128' \/>\t\t<\/div>\n\t\t\t\t<div class=\"elementor-post__text\">\n\t\t\t\t<h3 class=\"elementor-post__title\">\n\t\t\t<a href=\"https:\/\/scrantonlawfirm.com\/es\/motorcyclist-killed-dui-crash-buchanan-road-pittsburg-feb-26-2026\/\" >\n\t\t\t\tMotorcyclist fallece en presunta colisi\u00f3n por conducir ebrio en Buchanan Road y Woodborough Place en Pittsburg \u2013 26 de febrero de 2026\t\t\t<\/a>\n\t\t<\/h3>\n\t\t\n\t\t<a class=\"elementor-post__read-more\" href=\"https:\/\/scrantonlawfirm.com\/es\/motorcyclist-killed-dui-crash-buchanan-road-pittsburg-feb-26-2026\/\" aria-label=\"Read more about Motorcyclist Killed in Suspected DUI Collision at Buchanan Road and Woodborough Place in Pittsburg \u2013 February 26, 2026\" tabindex=\"-1\" >\n\t\t\tLeer m\u00e1s\t\t<\/a>\n\n\t\t\t\t<\/div>\n\t\t\t\t<div class=\"elementor-post__meta-data\">\n\t\t\t\t\t<span class=\"elementor-post-date\">\n\t\t\t26 de febrero de 2026\t\t<\/span>\n\t\t\t\t<\/div>\n\t\t\t\t\t<\/div>\n\t\t<\/article>\n\t\t\t\t<article class=\"elementor-post elementor-grid-item post-92982 post type-post status-publish format-standard hentry category-news-accidents category-news tag-alameda-county tag-chain-reaction-crash tag-doolittle-drive tag-fatal-pedestrian-accident tag-multi-vehicle-crash tag-personal-injury tag-san-leandro tag-san-leandro-police-department tag-tesla-accident tag-third-party-claim-workers-compensation tag-worker-killed-on-job tag-wrongful-death\" role=\"listitem\">\n\t\t\t<div class=\"elementor-post__card\">\n\t\t\t\t<div class=\"elementor-post__text\">\n\t\t\t\t<h3 class=\"elementor-post__title\">\n\t\t\t<a href=\"https:\/\/scrantonlawfirm.com\/es\/worker-killed-tesla-chain-reaction-crash-doolittle-drive-san-leandro-feb-24-2026\/\" >\n\t\t\t\tTrabajador que descargaba un semirremolque muere en choque en cadena de Tesla en Doolittle Drive en San Leandro \u2013 24 de febrero de 2026\t\t\t<\/a>\n\t\t<\/h3>\n\t\t\n\t\t<a class=\"elementor-post__read-more\" href=\"https:\/\/scrantonlawfirm.com\/es\/worker-killed-tesla-chain-reaction-crash-doolittle-drive-san-leandro-feb-24-2026\/\" aria-label=\"Read more about Worker Unloading Semi-Truck Killed in Chain-Reaction Tesla Crash on Doolittle Drive in San Leandro \u2013 February 24, 2026\" tabindex=\"-1\" >\n\t\t\tLeer m\u00e1s\t\t<\/a>\n\n\t\t\t\t<\/div>\n\t\t\t\t<div class=\"elementor-post__meta-data\">\n\t\t\t\t\t<span class=\"elementor-post-date\">\n\t\t\t25 de febrero de 2026\t\t<\/span>\n\t\t\t\t<\/div>\n\t\t\t\t\t<\/div>\n\t\t<\/article>\n\t\t\t\t<article class=\"elementor-post elementor-grid-item post-92892 post type-post status-publish format-standard has-post-thumbnail hentry category-news-accidents category-news tag-alameda-county tag-big-rig tag-castro-valley tag-chp-hayward tag-fatal-pedestrian-accident tag-freeway-pedestrian-death tag-hit-and-run-wrongful-death-california tag-hit-and-run tag-i-580 tag-uninsured-motorist-claim tag-white-suv tag-wrongful-death\" role=\"listitem\">\n\t\t\t<div class=\"elementor-post__card\">\n\t\t\t\t<a class=\"elementor-post__thumbnail__link\" href=\"https:\/\/scrantonlawfirm.com\/es\/pedestrian-killed-hit-and-run-big-rig-white-suv-i-580-castro-valley-feb-25-2026\/\" tabindex=\"-1\" ><div class=\"elementor-post__thumbnail\"><img decoding=\"async\" width=\"300\" height=\"164\" src=\"https:\/\/scrantonlawfirm.com\/wp-content\/uploads\/san-jose-motorcycle-fatality-branham-jarvis-300x164.webp\" class=\"attachment-medium size-medium wp-image-92236\" alt=\"Escena de choque fatal de motocicleta en Branham Lane y Jarvis Avenue\" srcset=\"https:\/\/scrantonlawfirm.com\/wp-content\/uploads\/san-jose-motorcycle-fatality-branham-jarvis-300x164.webp 300w, https:\/\/scrantonlawfirm.com\/wp-content\/uploads\/san-jose-motorcycle-fatality-branham-jarvis-1024x559.webp 1024w, https:\/\/scrantonlawfirm.com\/wp-content\/uploads\/san-jose-motorcycle-fatality-branham-jarvis-768x419.webp 768w, https:\/\/scrantonlawfirm.com\/wp-content\/uploads\/san-jose-motorcycle-fatality-branham-jarvis-18x10.webp 18w, https:\/\/scrantonlawfirm.com\/wp-content\/uploads\/san-jose-motorcycle-fatality-branham-jarvis.webp 1408w\" sizes=\"(max-width: 300px) 100vw, 300px\" \/><\/div><\/a>\n\t\t\t\t<div class=\"elementor-post__avatar\">\n\t\t\t<img alt='Jason Molino' src='https:\/\/secure.gravatar.com\/avatar\/33819dcc37c9c1ab57a2393eb2c918525d131b2f221a7c42a697daaa19582749?s=128&#038;d=identicon&#038;r=g' srcset='https:\/\/secure.gravatar.com\/avatar\/33819dcc37c9c1ab57a2393eb2c918525d131b2f221a7c42a697daaa19582749?s=256&#038;d=identicon&#038;r=g 2x' class='avatar avatar-128 photo' height='128' width='128' \/>\t\t<\/div>\n\t\t\t\t<div class=\"elementor-post__text\">\n\t\t\t\t<h3 class=\"elementor-post__title\">\n\t\t\t<a href=\"https:\/\/scrantonlawfirm.com\/es\/pedestrian-killed-hit-and-run-big-rig-white-suv-i-580-castro-valley-feb-25-2026\/\" >\n\t\t\t\tPeat\u00f3n Muere en Accidente de Auto y Arranque Tras Ser Atropellado por un Cami\u00f3n Grande y una SUV Blanca en la I-580 Cerca de Castro Valley \u2013 25 de Febrero de 2026\t\t\t<\/a>\n\t\t<\/h3>\n\t\t\n\t\t<a class=\"elementor-post__read-more\" href=\"https:\/\/scrantonlawfirm.com\/es\/pedestrian-killed-hit-and-run-big-rig-white-suv-i-580-castro-valley-feb-25-2026\/\" aria-label=\"Read more about Pedestrian Killed in Hit-and-Run Crash Involving Big Rig and White SUV on I-580 Near Castro Valley \u2013 February 25, 2026\" tabindex=\"-1\" >\n\t\t\tLeer m\u00e1s\t\t<\/a>\n\n\t\t\t\t<\/div>\n\t\t\t\t<div class=\"elementor-post__meta-data\">\n\t\t\t\t\t<span class=\"elementor-post-date\">\n\t\t\t25 de febrero de 2026\t\t<\/span>\n\t\t\t\t<\/div>\n\t\t\t\t\t<\/div>\n\t\t<\/article>\n\t\t\t\t<article class=\"elementor-post elementor-grid-item post-92851 post type-post status-publish format-standard has-post-thumbnail hentry category-news-accidents category-news tag-broadway-sonoma tag-comparative-negligence tag-elderly-pedestrian-crash tag-fatal-pedestrian-accident tag-outside-crosswalk tag-pedestrian-safety-sonoma tag-personal-injury tag-sonoma-county tag-sonoma-police-department tag-sonoma-valley tag-wrongful-death tag-wrongful-death-claims\" role=\"listitem\">\n\t\t\t<div class=\"elementor-post__card\">\n\t\t\t\t<a class=\"elementor-post__thumbnail__link\" href=\"https:\/\/scrantonlawfirm.com\/es\/woman-killed-another-critically-injured-broadway-sonoma-valley-feb-17-2026\/\" tabindex=\"-1\" ><div class=\"elementor-post__thumbnail\"><img decoding=\"async\" width=\"300\" height=\"164\" src=\"https:\/\/scrantonlawfirm.com\/wp-content\/uploads\/san-jose-motorcycle-fatality-branham-jarvis-300x164.webp\" class=\"attachment-medium size-medium wp-image-92236\" alt=\"Escena de choque fatal de motocicleta en Branham Lane y Jarvis Avenue\" srcset=\"https:\/\/scrantonlawfirm.com\/wp-content\/uploads\/san-jose-motorcycle-fatality-branham-jarvis-300x164.webp 300w, https:\/\/scrantonlawfirm.com\/wp-content\/uploads\/san-jose-motorcycle-fatality-branham-jarvis-1024x559.webp 1024w, https:\/\/scrantonlawfirm.com\/wp-content\/uploads\/san-jose-motorcycle-fatality-branham-jarvis-768x419.webp 768w, https:\/\/scrantonlawfirm.com\/wp-content\/uploads\/san-jose-motorcycle-fatality-branham-jarvis-18x10.webp 18w, https:\/\/scrantonlawfirm.com\/wp-content\/uploads\/san-jose-motorcycle-fatality-branham-jarvis.webp 1408w\" sizes=\"(max-width: 300px) 100vw, 300px\" \/><\/div><\/a>\n\t\t\t\t<div class=\"elementor-post__avatar\">\n\t\t\t<img alt='Jason Molino' src='https:\/\/secure.gravatar.com\/avatar\/33819dcc37c9c1ab57a2393eb2c918525d131b2f221a7c42a697daaa19582749?s=128&#038;d=identicon&#038;r=g' srcset='https:\/\/secure.gravatar.com\/avatar\/33819dcc37c9c1ab57a2393eb2c918525d131b2f221a7c42a697daaa19582749?s=256&#038;d=identicon&#038;r=g 2x' class='avatar avatar-128 photo' height='128' width='128' \/>\t\t<\/div>\n\t\t\t\t<div class=\"elementor-post__text\">\n\t\t\t\t<h3 class=\"elementor-post__title\">\n\t\t\t<a href=\"https:\/\/scrantonlawfirm.com\/es\/woman-killed-another-critically-injured-broadway-sonoma-valley-feb-17-2026\/\" >\n\t\t\t\tMujer Muere, Otra Queda Cr\u00edticamente Herida Tras Ser Atropellada por Veh\u00edculo en Broadway en Sonoma Valley \u2013 17 de febrero de 2026\t\t\t<\/a>\n\t\t<\/h3>\n\t\t\n\t\t<a class=\"elementor-post__read-more\" href=\"https:\/\/scrantonlawfirm.com\/es\/woman-killed-another-critically-injured-broadway-sonoma-valley-feb-17-2026\/\" aria-label=\"Read more about Woman Killed, Another Critically Injured After Being Struck by Vehicle on Broadway in Sonoma Valley &#8211; February 17, 2026\" tabindex=\"-1\" >\n\t\t\tLeer m\u00e1s\t\t<\/a>\n\n\t\t\t\t<\/div>\n\t\t\t\t<div class=\"elementor-post__meta-data\">\n\t\t\t\t\t<span class=\"elementor-post-date\">\n\t\t\t17 de febrero de 2026\t\t<\/span>\n\t\t\t\t<\/div>\n\t\t\t\t\t<\/div>\n\t\t<\/article>\n\t\t\t\t<article class=\"elementor-post elementor-grid-item post-92806 post type-post status-publish format-standard hentry category-news-accidents category-news tag-california-motorcycle-law tag-chp-investigation tag-comparative-negligence tag-graham-hill-road tag-left-turn-crash tag-motorcycle-accident tag-personal-injury tag-santa-cruz-county tag-serious-injury\" role=\"listitem\">\n\t\t\t<div class=\"elementor-post__card\">\n\t\t\t\t<div class=\"elementor-post__text\">\n\t\t\t\t<h3 class=\"elementor-post__title\">\n\t\t\t<a href=\"https:\/\/scrantonlawfirm.com\/es\/motorcyclist-injured-in-collision-with-suv-on-graham-hill-road-in-santa-cruz-county-february-10-2026\/\" >\n\t\t\t\tMotociclista herido en colisi\u00f3n con camioneta en Graham Hill Road en el condado de Santa Cruz \u2013 10 de febrero de 2026\t\t\t<\/a>\n\t\t<\/h3>\n\t\t\n\t\t<a class=\"elementor-post__read-more\" href=\"https:\/\/scrantonlawfirm.com\/es\/motorcyclist-injured-in-collision-with-suv-on-graham-hill-road-in-santa-cruz-county-february-10-2026\/\" aria-label=\"Read more about Motorcyclist Injured in Collision with SUV on Graham Hill Road in Santa Cruz County \u2013 February 10, 2026\" tabindex=\"-1\" >\n\t\t\tLeer m\u00e1s\t\t<\/a>\n\n\t\t\t\t<\/div>\n\t\t\t\t<div class=\"elementor-post__meta-data\">\n\t\t\t\t\t<span class=\"elementor-post-date\">\n\t\t\t10 de febrero de 2026\t\t<\/span>\n\t\t\t\t<\/div>\n\t\t\t\t\t<\/div>\n\t\t<\/article>\n\t\t\t\t<article class=\"elementor-post elementor-grid-item post-92835 post type-post status-publish format-standard has-post-thumbnail hentry category-news-accidents category-news tag-crosswalk-accident tag-fatal-pedestrian-accident tag-left-turn-crash tag-oregon-avenue tag-palo-alto tag-palo-alto-police tag-pedestrian-in-crosswalk tag-personal-injury tag-santa-clara-county tag-st-francis-drive tag-wrongful-death tag-wrongful-death-claims\" role=\"listitem\">\n\t\t\t<div class=\"elementor-post__card\">\n\t\t\t\t<a class=\"elementor-post__thumbnail__link\" href=\"https:\/\/scrantonlawfirm.com\/es\/jogger-killed-left-turn-crash-oregon-avenue-palo-alto-jan-30-2026\/\" tabindex=\"-1\" ><div class=\"elementor-post__thumbnail\"><img decoding=\"async\" width=\"300\" height=\"164\" src=\"https:\/\/scrantonlawfirm.com\/wp-content\/uploads\/san-jose-motorcycle-fatality-branham-jarvis-300x164.webp\" class=\"attachment-medium size-medium wp-image-92236\" alt=\"Escena de choque fatal de motocicleta en Branham Lane y Jarvis Avenue\" srcset=\"https:\/\/scrantonlawfirm.com\/wp-content\/uploads\/san-jose-motorcycle-fatality-branham-jarvis-300x164.webp 300w, https:\/\/scrantonlawfirm.com\/wp-content\/uploads\/san-jose-motorcycle-fatality-branham-jarvis-1024x559.webp 1024w, https:\/\/scrantonlawfirm.com\/wp-content\/uploads\/san-jose-motorcycle-fatality-branham-jarvis-768x419.webp 768w, https:\/\/scrantonlawfirm.com\/wp-content\/uploads\/san-jose-motorcycle-fatality-branham-jarvis-18x10.webp 18w, https:\/\/scrantonlawfirm.com\/wp-content\/uploads\/san-jose-motorcycle-fatality-branham-jarvis.webp 1408w\" sizes=\"(max-width: 300px) 100vw, 300px\" \/><\/div><\/a>\n\t\t\t\t<div class=\"elementor-post__avatar\">\n\t\t\t<img alt='Jason Molino' src='https:\/\/secure.gravatar.com\/avatar\/33819dcc37c9c1ab57a2393eb2c918525d131b2f221a7c42a697daaa19582749?s=128&#038;d=identicon&#038;r=g' srcset='https:\/\/secure.gravatar.com\/avatar\/33819dcc37c9c1ab57a2393eb2c918525d131b2f221a7c42a697daaa19582749?s=256&#038;d=identicon&#038;r=g 2x' class='avatar avatar-128 photo' height='128' width='128' \/>\t\t<\/div>\n\t\t\t\t<div class=\"elementor-post__text\">\n\t\t\t\t<h3 class=\"elementor-post__title\">\n\t\t\t<a href=\"https:\/\/scrantonlawfirm.com\/es\/jogger-killed-left-turn-crash-oregon-avenue-palo-alto-jan-30-2026\/\" >\n\t\t\t\tCorredor muere tras ser atropellado por veh\u00edculo que giraba a la izquierda en cruce peatonal en Oregon Avenue en Palo Alto \u2013 30 de enero de 2026\t\t\t<\/a>\n\t\t<\/h3>\n\t\t\n\t\t<a class=\"elementor-post__read-more\" href=\"https:\/\/scrantonlawfirm.com\/es\/jogger-killed-left-turn-crash-oregon-avenue-palo-alto-jan-30-2026\/\" aria-label=\"Read more about Jogger Dies After Being Struck by Left-Turning Vehicle in Crosswalk at Oregon Avenue in Palo Alto \u2013 January 30, 2026\" tabindex=\"-1\" >\n\t\t\tLeer m\u00e1s\t\t<\/a>\n\n\t\t\t\t<\/div>\n\t\t\t\t<div class=\"elementor-post__meta-data\">\n\t\t\t\t\t<span class=\"elementor-post-date\">\n\t\t\t30 de enero de 2026\t\t<\/span>\n\t\t\t\t<\/div>\n\t\t\t\t\t<\/div>\n\t\t<\/article>\n\t\t\t\t<article class=\"elementor-post elementor-grid-item post-92233 post type-post status-publish format-standard has-post-thumbnail hentry category-news-accidents category-news tag-branham-lane-accident tag-california-wrongful-death tag-jarvis-avenue-crash tag-juvenile-injured tag-motorcycle-fatality tag-personal-injury-san-jose tag-san-jose-motorcycle-crash tag-san-jose-traffic-accident tag-santa-clara-county-collision\" role=\"listitem\">\n\t\t\t<div class=\"elementor-post__card\">\n\t\t\t\t<a class=\"elementor-post__thumbnail__link\" href=\"https:\/\/scrantonlawfirm.com\/es\/motorcyclist-killed-juvenile-injured-branham-jarvis-san-jose-sept-25-2025\/\" tabindex=\"-1\" ><div class=\"elementor-post__thumbnail\"><img decoding=\"async\" width=\"300\" height=\"164\" src=\"https:\/\/scrantonlawfirm.com\/wp-content\/uploads\/san-jose-motorcycle-fatality-branham-jarvis-300x164.webp\" class=\"attachment-medium size-medium wp-image-92236\" alt=\"Escena de choque fatal de motocicleta en Branham Lane y Jarvis Avenue\" srcset=\"https:\/\/scrantonlawfirm.com\/wp-content\/uploads\/san-jose-motorcycle-fatality-branham-jarvis-300x164.webp 300w, https:\/\/scrantonlawfirm.com\/wp-content\/uploads\/san-jose-motorcycle-fatality-branham-jarvis-1024x559.webp 1024w, https:\/\/scrantonlawfirm.com\/wp-content\/uploads\/san-jose-motorcycle-fatality-branham-jarvis-768x419.webp 768w, https:\/\/scrantonlawfirm.com\/wp-content\/uploads\/san-jose-motorcycle-fatality-branham-jarvis-18x10.webp 18w, https:\/\/scrantonlawfirm.com\/wp-content\/uploads\/san-jose-motorcycle-fatality-branham-jarvis.webp 1408w\" sizes=\"(max-width: 300px) 100vw, 300px\" \/><\/div><\/a>\n\t\t\t\t<div class=\"elementor-post__avatar\">\n\t\t\t<img alt='Jason Molino' src='https:\/\/secure.gravatar.com\/avatar\/33819dcc37c9c1ab57a2393eb2c918525d131b2f221a7c42a697daaa19582749?s=128&#038;d=identicon&#038;r=g' srcset='https:\/\/secure.gravatar.com\/avatar\/33819dcc37c9c1ab57a2393eb2c918525d131b2f221a7c42a697daaa19582749?s=256&#038;d=identicon&#038;r=g 2x' class='avatar avatar-128 photo' height='128' width='128' \/>\t\t<\/div>\n\t\t\t\t<div class=\"elementor-post__text\">\n\t\t\t\t<h3 class=\"elementor-post__title\">\n\t\t\t<a href=\"https:\/\/scrantonlawfirm.com\/es\/motorcyclist-killed-juvenile-injured-branham-jarvis-san-jose-sept-25-2025\/\" >\n\t\t\t\tMotociclista muerto y menor hospitalizado en accidente en Branham Lane y Jarvis Avenue en San Jos\u00e9 \u2013 25 de septiembre de 2025\t\t\t<\/a>\n\t\t<\/h3>\n\t\t\n\t\t<a class=\"elementor-post__read-more\" href=\"https:\/\/scrantonlawfirm.com\/es\/motorcyclist-killed-juvenile-injured-branham-jarvis-san-jose-sept-25-2025\/\" aria-label=\"Read more about Motorcyclist Killed, Juvenile Hospitalized in Crash at Branham Lane and Jarvis Avenue in San Jose \u2013 September 25, 2025\" tabindex=\"-1\" >\n\t\t\tLeer m\u00e1s\t\t<\/a>\n\n\t\t\t\t<\/div>\n\t\t\t\t<div class=\"elementor-post__meta-data\">\n\t\t\t\t\t<span class=\"elementor-post-date\">\n\t\t\t26 de septiembre de 2025\t\t<\/span>\n\t\t\t\t<\/div>\n\t\t\t\t\t<\/div>\n\t\t<\/article>\n\t\t\t\t<article class=\"elementor-post elementor-grid-item post-92223 post type-post status-publish format-standard has-post-thumbnail hentry category-news-accidents category-news tag-bay-area-work-accident tag-california-wrongful-death tag-cargo-trailer-incident tag-fatal-workplace-injury tag-osha-investigation tag-richmond-industrial-death tag-richmond-personal-injury tag-ups-workplace-accident tag-workplace-fatality\" role=\"listitem\">\n\t\t\t<div class=\"elementor-post__card\">\n\t\t\t\t<a class=\"elementor-post__thumbnail__link\" href=\"https:\/\/scrantonlawfirm.com\/es\/ups-worker-killed-industrial-accident-richmond-sept-21-2025\/\" tabindex=\"-1\" ><div class=\"elementor-post__thumbnail\"><img decoding=\"async\" width=\"300\" height=\"164\" src=\"https:\/\/scrantonlawfirm.com\/wp-content\/uploads\/ups-worker-death-richmond-2025-300x164.webp\" class=\"attachment-medium size-medium wp-image-92226\" alt=\"Respuesta de emergencia a incidente fatal en lugar de trabajo en instalaci\u00f3n de UPS en Richmond\" srcset=\"https:\/\/scrantonlawfirm.com\/wp-content\/uploads\/ups-worker-death-richmond-2025-300x164.webp 300w, https:\/\/scrantonlawfirm.com\/wp-content\/uploads\/ups-worker-death-richmond-2025-1024x559.webp 1024w, https:\/\/scrantonlawfirm.com\/wp-content\/uploads\/ups-worker-death-richmond-2025-768x419.webp 768w, https:\/\/scrantonlawfirm.com\/wp-content\/uploads\/ups-worker-death-richmond-2025-18x10.webp 18w, https:\/\/scrantonlawfirm.com\/wp-content\/uploads\/ups-worker-death-richmond-2025.webp 1408w\" sizes=\"(max-width: 300px) 100vw, 300px\" \/><\/div><\/a>\n\t\t\t\t<div class=\"elementor-post__avatar\">\n\t\t\t<img alt='Jason Molino' src='https:\/\/secure.gravatar.com\/avatar\/33819dcc37c9c1ab57a2393eb2c918525d131b2f221a7c42a697daaa19582749?s=128&#038;d=identicon&#038;r=g' srcset='https:\/\/secure.gravatar.com\/avatar\/33819dcc37c9c1ab57a2393eb2c918525d131b2f221a7c42a697daaa19582749?s=256&#038;d=identicon&#038;r=g 2x' class='avatar avatar-128 photo' height='128' width='128' \/>\t\t<\/div>\n\t\t\t\t<div class=\"elementor-post__text\">\n\t\t\t\t<h3 class=\"elementor-post__title\">\n\t\t\t<a href=\"https:\/\/scrantonlawfirm.com\/es\/ups-worker-killed-industrial-accident-richmond-sept-21-2025\/\" >\n\t\t\t\tTrabajador de UPS muere en accidente industrial dentro de un remolque de carga en una instalaci\u00f3n de Richmond \u2013 21 de septiembre de 2025\t\t\t<\/a>\n\t\t<\/h3>\n\t\t\n\t\t<a class=\"elementor-post__read-more\" href=\"https:\/\/scrantonlawfirm.com\/es\/ups-worker-killed-industrial-accident-richmond-sept-21-2025\/\" aria-label=\"Read more about UPS Worker Killed in Industrial Accident Inside Cargo Trailer at Facility in Richmond \u2013 September 21, 2025\" tabindex=\"-1\" >\n\t\t\tLeer m\u00e1s\t\t<\/a>\n\n\t\t\t\t<\/div>\n\t\t\t\t<div class=\"elementor-post__meta-data\">\n\t\t\t\t\t<span class=\"elementor-post-date\">\n\t\t\t22 de septiembre de 2025\t\t<\/span>\n\t\t\t\t<\/div>\n\t\t\t\t\t<\/div>\n\t\t<\/article>\n\t\t\t\t<article class=\"elementor-post elementor-grid-item post-92217 post type-post status-publish format-standard has-post-thumbnail hentry category-news-accidents category-news tag-california-motorcycle-crash tag-coloma-road-fatality tag-el-dorado-county-crash tag-fatal-truck-accident tag-head-on-collision tag-motorcycle-accident tag-personal-injury-california tag-rattlesnake-bar-road tag-wrongful-death\" role=\"listitem\">\n\t\t\t<div class=\"elementor-post__card\">\n\t\t\t\t<a class=\"elementor-post__thumbnail__link\" href=\"https:\/\/scrantonlawfirm.com\/es\/motorcyclist-killed-head-on-coloma-road-rattlesnake-bar-sept-20-2025\/\" tabindex=\"-1\" ><div class=\"elementor-post__thumbnail\"><img decoding=\"async\" width=\"300\" height=\"164\" src=\"https:\/\/scrantonlawfirm.com\/wp-content\/uploads\/el-dorado-motorcycle-truck-crash-2025-300x164.webp\" class=\"attachment-medium size-medium wp-image-92219\" alt=\"Respuesta de emergencia a choque fatal de motocicleta en Coloma Road\" srcset=\"https:\/\/scrantonlawfirm.com\/wp-content\/uploads\/el-dorado-motorcycle-truck-crash-2025-300x164.webp 300w, https:\/\/scrantonlawfirm.com\/wp-content\/uploads\/el-dorado-motorcycle-truck-crash-2025-1024x559.webp 1024w, https:\/\/scrantonlawfirm.com\/wp-content\/uploads\/el-dorado-motorcycle-truck-crash-2025-768x419.webp 768w, https:\/\/scrantonlawfirm.com\/wp-content\/uploads\/el-dorado-motorcycle-truck-crash-2025-18x10.webp 18w, https:\/\/scrantonlawfirm.com\/wp-content\/uploads\/el-dorado-motorcycle-truck-crash-2025.webp 1408w\" sizes=\"(max-width: 300px) 100vw, 300px\" \/><\/div><\/a>\n\t\t\t\t<div class=\"elementor-post__avatar\">\n\t\t\t<img alt='Jason Molino' src='https:\/\/secure.gravatar.com\/avatar\/33819dcc37c9c1ab57a2393eb2c918525d131b2f221a7c42a697daaa19582749?s=128&#038;d=identicon&#038;r=g' srcset='https:\/\/secure.gravatar.com\/avatar\/33819dcc37c9c1ab57a2393eb2c918525d131b2f221a7c42a697daaa19582749?s=256&#038;d=identicon&#038;r=g 2x' class='avatar avatar-128 photo' height='128' width='128' \/>\t\t<\/div>\n\t\t\t\t<div class=\"elementor-post__text\">\n\t\t\t\t<h3 class=\"elementor-post__title\">\n\t\t\t<a href=\"https:\/\/scrantonlawfirm.com\/es\/motorcyclist-killed-head-on-coloma-road-rattlesnake-bar-sept-20-2025\/\" >\n\t\t\t\tMotociclista muere en colisi\u00f3n frontal con cami\u00f3n en Coloma Road cerca de Rattlesnake Bar Road \u2013 20 de septiembre de 2025\t\t\t<\/a>\n\t\t<\/h3>\n\t\t\n\t\t<a class=\"elementor-post__read-more\" href=\"https:\/\/scrantonlawfirm.com\/es\/motorcyclist-killed-head-on-coloma-road-rattlesnake-bar-sept-20-2025\/\" aria-label=\"Read more about Motorcyclist Killed in Head-On Collision With Truck on Coloma Road Near Rattlesnake Bar Road \u2013 September 20, 2025\" tabindex=\"-1\" >\n\t\t\tLeer m\u00e1s\t\t<\/a>\n\n\t\t\t\t<\/div>\n\t\t\t\t<div class=\"elementor-post__meta-data\">\n\t\t\t\t\t<span class=\"elementor-post-date\">\n\t\t\t21 de septiembre de 2025\t\t<\/span>\n\t\t\t\t<\/div>\n\t\t\t\t\t<\/div>\n\t\t<\/article>\n\t\t\t\t<article class=\"elementor-post elementor-grid-item post-92171 post type-post status-publish format-standard has-post-thumbnail hentry category-news-accidents category-news tag-california-personal-injury tag-chp-napa tag-construction-zone-accident tag-early-morning-collision tag-highway-29-crash tag-imola-avenue tag-jeep-truck-collision tag-major-injury-crash tag-napa-county-accident\" role=\"listitem\">\n\t\t\t<div class=\"elementor-post__card\">\n\t\t\t\t<a class=\"elementor-post__thumbnail__link\" href=\"https:\/\/scrantonlawfirm.com\/es\/jeep-truck-crash-highway-29-napa-sept-18-2025\/\" tabindex=\"-1\" ><div class=\"elementor-post__thumbnail\"><img loading=\"lazy\" decoding=\"async\" width=\"300\" height=\"164\" src=\"https:\/\/scrantonlawfirm.com\/wp-content\/uploads\/napa-highway29-jeep-truck-crash-2025-300x164.webp\" class=\"attachment-medium size-medium wp-image-92173\" alt=\"Colisi\u00f3n entre un Jeep y una camioneta en zona de construcci\u00f3n en la autopista 29 en Napa\" srcset=\"https:\/\/scrantonlawfirm.com\/wp-content\/uploads\/napa-highway29-jeep-truck-crash-2025-300x164.webp 300w, https:\/\/scrantonlawfirm.com\/wp-content\/uploads\/napa-highway29-jeep-truck-crash-2025-1024x559.webp 1024w, https:\/\/scrantonlawfirm.com\/wp-content\/uploads\/napa-highway29-jeep-truck-crash-2025-768x419.webp 768w, https:\/\/scrantonlawfirm.com\/wp-content\/uploads\/napa-highway29-jeep-truck-crash-2025-18x10.webp 18w, https:\/\/scrantonlawfirm.com\/wp-content\/uploads\/napa-highway29-jeep-truck-crash-2025.webp 1408w\" sizes=\"(max-width: 300px) 100vw, 300px\" \/><\/div><\/a>\n\t\t\t\t<div class=\"elementor-post__avatar\">\n\t\t\t<img alt='Jason Molino' src='https:\/\/secure.gravatar.com\/avatar\/33819dcc37c9c1ab57a2393eb2c918525d131b2f221a7c42a697daaa19582749?s=128&#038;d=identicon&#038;r=g' srcset='https:\/\/secure.gravatar.com\/avatar\/33819dcc37c9c1ab57a2393eb2c918525d131b2f221a7c42a697daaa19582749?s=256&#038;d=identicon&#038;r=g 2x' class='avatar avatar-128 photo' height='128' width='128' \/>\t\t<\/div>\n\t\t\t\t<div class=\"elementor-post__text\">\n\t\t\t\t<h3 class=\"elementor-post__title\">\n\t\t\t<a href=\"https:\/\/scrantonlawfirm.com\/es\/jeep-truck-crash-highway-29-napa-sept-18-2025\/\" >\n\t\t\t\tUna persona result\u00f3 gravemente herida en una colisi\u00f3n entre un Jeep y un cami\u00f3n en la Autopista 29 cerca de Imola Avenue \u2013 18 de septiembre de 2025\t\t\t<\/a>\n\t\t<\/h3>\n\t\t\n\t\t<a class=\"elementor-post__read-more\" href=\"https:\/\/scrantonlawfirm.com\/es\/jeep-truck-crash-highway-29-napa-sept-18-2025\/\" aria-label=\"Read more about One Seriously Injured in Jeep-Truck Collision on Highway 29 Near Imola Avenue \u2013 September 18, 2025\" tabindex=\"-1\" >\n\t\t\tLeer m\u00e1s\t\t<\/a>\n\n\t\t\t\t<\/div>\n\t\t\t\t<div class=\"elementor-post__meta-data\">\n\t\t\t\t\t<span class=\"elementor-post-date\">\n\t\t\t18 de septiembre de 2025\t\t<\/span>\n\t\t\t\t<\/div>\n\t\t\t\t\t<\/div>\n\t\t<\/article>\n\t\t\t\t<article class=\"elementor-post elementor-grid-item post-92202 post type-post status-publish format-standard has-post-thumbnail hentry category-news-accidents category-news tag-chp-santa-cruz tag-fatal-motorcycle-accident-ca tag-motorcycle-wrongful-death tag-rear-end-collision tag-santa-cruz-county-crash tag-scotts-valley-motorcycle-crash tag-secondary-collision-fatality tag-sr-17-accident tag-state-route-17-news\" role=\"listitem\">\n\t\t\t<div class=\"elementor-post__card\">\n\t\t\t\t<a class=\"elementor-post__thumbnail__link\" href=\"https:\/\/scrantonlawfirm.com\/es\/motorcyclist-killed-rear-end-crash-sr17-scotts-valley-sept-14-2025\/\" tabindex=\"-1\" ><div class=\"elementor-post__thumbnail\"><img loading=\"lazy\" decoding=\"async\" width=\"300\" height=\"157\" src=\"https:\/\/scrantonlawfirm.com\/wp-content\/uploads\/scotts-valley-sr17-motorcycle-fatal-rear-end-2025-300x157.webp\" class=\"attachment-medium size-medium wp-image-92204\" alt=\"Motocicleta estrellada y camioneta da\u00f1ada en la SR-17 en Scotts Valley\" srcset=\"https:\/\/scrantonlawfirm.com\/wp-content\/uploads\/scotts-valley-sr17-motorcycle-fatal-rear-end-2025-300x157.webp 300w, https:\/\/scrantonlawfirm.com\/wp-content\/uploads\/scotts-valley-sr17-motorcycle-fatal-rear-end-2025-1024x535.webp 1024w, https:\/\/scrantonlawfirm.com\/wp-content\/uploads\/scotts-valley-sr17-motorcycle-fatal-rear-end-2025-768x401.webp 768w, https:\/\/scrantonlawfirm.com\/wp-content\/uploads\/scotts-valley-sr17-motorcycle-fatal-rear-end-2025-18x9.webp 18w, https:\/\/scrantonlawfirm.com\/wp-content\/uploads\/scotts-valley-sr17-motorcycle-fatal-rear-end-2025.webp 1408w\" sizes=\"(max-width: 300px) 100vw, 300px\" \/><\/div><\/a>\n\t\t\t\t<div class=\"elementor-post__avatar\">\n\t\t\t<img alt='Jason Molino' src='https:\/\/secure.gravatar.com\/avatar\/33819dcc37c9c1ab57a2393eb2c918525d131b2f221a7c42a697daaa19582749?s=128&#038;d=identicon&#038;r=g' srcset='https:\/\/secure.gravatar.com\/avatar\/33819dcc37c9c1ab57a2393eb2c918525d131b2f221a7c42a697daaa19582749?s=256&#038;d=identicon&#038;r=g 2x' class='avatar avatar-128 photo' height='128' width='128' \/>\t\t<\/div>\n\t\t\t\t<div class=\"elementor-post__text\">\n\t\t\t\t<h3 class=\"elementor-post__title\">\n\t\t\t<a href=\"https:\/\/scrantonlawfirm.com\/es\/motorcyclist-killed-rear-end-crash-sr17-scotts-valley-sept-14-2025\/\" >\n\t\t\t\tMotociclista muere tras chocar contra la parte trasera de un veh\u00edculo accidentado en la SR-17 en Scotts Valley \u2013 14 de septiembre de 2025\t\t\t<\/a>\n\t\t<\/h3>\n\t\t\n\t\t<a class=\"elementor-post__read-more\" href=\"https:\/\/scrantonlawfirm.com\/es\/motorcyclist-killed-rear-end-crash-sr17-scotts-valley-sept-14-2025\/\" aria-label=\"Read more about Motorcyclist Killed After Striking Rear of Crashed Vehicle on SR-17 in Scotts Valley \u2013 September 14, 2025\" tabindex=\"-1\" >\n\t\t\tLeer m\u00e1s\t\t<\/a>\n\n\t\t\t\t<\/div>\n\t\t\t\t<div class=\"elementor-post__meta-data\">\n\t\t\t\t\t<span class=\"elementor-post-date\">\n\t\t\t14 de septiembre de 2025\t\t<\/span>\n\t\t\t\t<\/div>\n\t\t\t\t\t<\/div>\n\t\t<\/article>\n\t\t\t\t<article class=\"elementor-post elementor-grid-item post-92181 post type-post status-publish format-standard has-post-thumbnail hentry category-news-accidents category-news tag-california-wrongful-death tag-chp-santa-rosa tag-dui-crash tag-fatal-head-on-collision tag-highway-1-crash tag-minivan-motorcycle-crash tag-rural-highway-crash tag-sonoma-county-motorcycle-accident tag-valley-ford-road\" role=\"listitem\">\n\t\t\t<div class=\"elementor-post__card\">\n\t\t\t\t<a class=\"elementor-post__thumbnail__link\" href=\"https:\/\/scrantonlawfirm.com\/es\/fatal-motorcycle-minivan-crash-highway-1-sonoma-sept-14-2025\/\" tabindex=\"-1\" ><div class=\"elementor-post__thumbnail\"><img loading=\"lazy\" decoding=\"async\" width=\"300\" height=\"164\" src=\"https:\/\/scrantonlawfirm.com\/wp-content\/uploads\/sonoma-highway1-motorcycle-minivan-fatal-crash-2025-300x164.webp\" class=\"attachment-medium size-medium wp-image-92189\" alt=\"Escena de un choque entre una motocicleta y una minivan en la Carretera 1 en el condado de Sonoma\" srcset=\"https:\/\/scrantonlawfirm.com\/wp-content\/uploads\/sonoma-highway1-motorcycle-minivan-fatal-crash-2025-300x164.webp 300w, https:\/\/scrantonlawfirm.com\/wp-content\/uploads\/sonoma-highway1-motorcycle-minivan-fatal-crash-2025-1024x559.webp 1024w, https:\/\/scrantonlawfirm.com\/wp-content\/uploads\/sonoma-highway1-motorcycle-minivan-fatal-crash-2025-768x419.webp 768w, https:\/\/scrantonlawfirm.com\/wp-content\/uploads\/sonoma-highway1-motorcycle-minivan-fatal-crash-2025-18x10.webp 18w, https:\/\/scrantonlawfirm.com\/wp-content\/uploads\/sonoma-highway1-motorcycle-minivan-fatal-crash-2025.webp 1408w\" sizes=\"(max-width: 300px) 100vw, 300px\" \/><\/div><\/a>\n\t\t\t\t<div class=\"elementor-post__avatar\">\n\t\t\t<img alt='Jason Molino' src='https:\/\/secure.gravatar.com\/avatar\/33819dcc37c9c1ab57a2393eb2c918525d131b2f221a7c42a697daaa19582749?s=128&#038;d=identicon&#038;r=g' srcset='https:\/\/secure.gravatar.com\/avatar\/33819dcc37c9c1ab57a2393eb2c918525d131b2f221a7c42a697daaa19582749?s=256&#038;d=identicon&#038;r=g 2x' class='avatar avatar-128 photo' height='128' width='128' \/>\t\t<\/div>\n\t\t\t\t<div class=\"elementor-post__text\">\n\t\t\t\t<h3 class=\"elementor-post__title\">\n\t\t\t<a href=\"https:\/\/scrantonlawfirm.com\/es\/fatal-motorcycle-minivan-crash-highway-1-sonoma-sept-14-2025\/\" >\n\t\t\t\tMotociclista muere y conductor de minivan resulta gravemente herido en colisi\u00f3n frontal en la Autopista 1 en el Condado de Sonoma \u2013 14 de septiembre de 2025\t\t\t<\/a>\n\t\t<\/h3>\n\t\t\n\t\t<a class=\"elementor-post__read-more\" href=\"https:\/\/scrantonlawfirm.com\/es\/fatal-motorcycle-minivan-crash-highway-1-sonoma-sept-14-2025\/\" aria-label=\"Read more about Motorcyclist Killed, Minivan Driver Seriously Injured in Head-On Crash on Highway 1 in Sonoma County \u2013 September 14, 2025\" tabindex=\"-1\" >\n\t\t\tLeer m\u00e1s\t\t<\/a>\n\n\t\t\t\t<\/div>\n\t\t\t\t<div class=\"elementor-post__meta-data\">\n\t\t\t\t\t<span class=\"elementor-post-date\">\n\t\t\t14 de septiembre de 2025\t\t<\/span>\n\t\t\t\t<\/div>\n\t\t\t\t\t<\/div>\n\t\t<\/article>\n\t\t\t\t<article class=\"elementor-post elementor-grid-item post-92182 post type-post status-publish format-standard has-post-thumbnail hentry category-news-accidents category-news tag-big-rig-accident tag-california-wrongful-death tag-chp-sacramento tag-highway-5-fatality tag-interstate-5-collision tag-sacramento-county-crash tag-sacramento-fatal-crash tag-sutterville-road-crash tag-truck-accident-lawyer tag-truck-vs-pickup\" role=\"listitem\">\n\t\t\t<div class=\"elementor-post__card\">\n\t\t\t\t<a class=\"elementor-post__thumbnail__link\" href=\"https:\/\/scrantonlawfirm.com\/es\/fatal-truck-crash-i5-sacramento-sept-13-2025\/\" tabindex=\"-1\" ><div class=\"elementor-post__thumbnail\"><img loading=\"lazy\" decoding=\"async\" width=\"300\" height=\"164\" src=\"https:\/\/scrantonlawfirm.com\/wp-content\/uploads\/fatal-truck-crash-sacramento-i5-2025jpg-300x164.webp\" class=\"attachment-medium size-medium wp-image-92184\" alt=\"Choque entre camioneta y tr\u00e1iler en la I-5 cerca de Sutterville Road, Sacramento\" srcset=\"https:\/\/scrantonlawfirm.com\/wp-content\/uploads\/fatal-truck-crash-sacramento-i5-2025jpg-300x164.webp 300w, https:\/\/scrantonlawfirm.com\/wp-content\/uploads\/fatal-truck-crash-sacramento-i5-2025jpg-1024x559.webp 1024w, https:\/\/scrantonlawfirm.com\/wp-content\/uploads\/fatal-truck-crash-sacramento-i5-2025jpg-768x419.webp 768w, https:\/\/scrantonlawfirm.com\/wp-content\/uploads\/fatal-truck-crash-sacramento-i5-2025jpg-18x10.webp 18w, https:\/\/scrantonlawfirm.com\/wp-content\/uploads\/fatal-truck-crash-sacramento-i5-2025jpg.webp 1408w\" sizes=\"(max-width: 300px) 100vw, 300px\" \/><\/div><\/a>\n\t\t\t\t<div class=\"elementor-post__avatar\">\n\t\t\t<img alt='Jason Molino' src='https:\/\/secure.gravatar.com\/avatar\/33819dcc37c9c1ab57a2393eb2c918525d131b2f221a7c42a697daaa19582749?s=128&#038;d=identicon&#038;r=g' srcset='https:\/\/secure.gravatar.com\/avatar\/33819dcc37c9c1ab57a2393eb2c918525d131b2f221a7c42a697daaa19582749?s=256&#038;d=identicon&#038;r=g 2x' class='avatar avatar-128 photo' height='128' width='128' \/>\t\t<\/div>\n\t\t\t\t<div class=\"elementor-post__text\">\n\t\t\t\t<h3 class=\"elementor-post__title\">\n\t\t\t<a href=\"https:\/\/scrantonlawfirm.com\/es\/fatal-truck-crash-i5-sacramento-sept-13-2025\/\" >\n\t\t\t\tConductor muere en colisi\u00f3n con tr\u00e1iler en la I\u20115 cerca de Sutterville Road en Sacramento \u2013 13 de septiembre de 2025\t\t\t<\/a>\n\t\t<\/h3>\n\t\t\n\t\t<a class=\"elementor-post__read-more\" href=\"https:\/\/scrantonlawfirm.com\/es\/fatal-truck-crash-i5-sacramento-sept-13-2025\/\" aria-label=\"Read more about Driver Killed in Big Rig Collision on I-5 Near Sutterville Road in Sacramento \u2013 September 13, 2025\" tabindex=\"-1\" >\n\t\t\tLeer m\u00e1s\t\t<\/a>\n\n\t\t\t\t<\/div>\n\t\t\t\t<div class=\"elementor-post__meta-data\">\n\t\t\t\t\t<span class=\"elementor-post-date\">\n\t\t\t13 de septiembre de 2025\t\t<\/span>\n\t\t\t\t<\/div>\n\t\t\t\t\t<\/div>\n\t\t<\/article>\n\t\t\t\t<article class=\"elementor-post elementor-grid-item post-92196 post type-post status-publish format-standard has-post-thumbnail hentry category-news-accidents category-news tag-california-wrongful-death tag-highway-183-crash tag-hit-and-run-crash tag-monterey-county-fatal-crash tag-personal-injury-salinas tag-rear-end-collision tag-salinas-accident tag-semi-truck-accident tag-three-vehicle-collision\" role=\"listitem\">\n\t\t\t<div class=\"elementor-post__card\">\n\t\t\t\t<a class=\"elementor-post__thumbnail__link\" href=\"https:\/\/scrantonlawfirm.com\/es\/fatal-three-vehicle-crash-highway-183-salinas-sept-11-2025\/\" tabindex=\"-1\" ><div class=\"elementor-post__thumbnail\"><img loading=\"lazy\" decoding=\"async\" width=\"300\" height=\"157\" src=\"https:\/\/scrantonlawfirm.com\/wp-content\/uploads\/salinas-highway183-three-vehicle-fatal-crash-2025-300x157.webp\" class=\"attachment-medium size-medium wp-image-92198\" alt=\"Accidente con tres veh\u00edculos en la Carretera 183 en Salinas, California\" srcset=\"https:\/\/scrantonlawfirm.com\/wp-content\/uploads\/salinas-highway183-three-vehicle-fatal-crash-2025-300x157.webp 300w, https:\/\/scrantonlawfirm.com\/wp-content\/uploads\/salinas-highway183-three-vehicle-fatal-crash-2025-1024x535.webp 1024w, https:\/\/scrantonlawfirm.com\/wp-content\/uploads\/salinas-highway183-three-vehicle-fatal-crash-2025-768x401.webp 768w, https:\/\/scrantonlawfirm.com\/wp-content\/uploads\/salinas-highway183-three-vehicle-fatal-crash-2025-18x9.webp 18w, https:\/\/scrantonlawfirm.com\/wp-content\/uploads\/salinas-highway183-three-vehicle-fatal-crash-2025.webp 1408w\" sizes=\"(max-width: 300px) 100vw, 300px\" \/><\/div><\/a>\n\t\t\t\t<div class=\"elementor-post__avatar\">\n\t\t\t<img alt='Jason Molino' src='https:\/\/secure.gravatar.com\/avatar\/33819dcc37c9c1ab57a2393eb2c918525d131b2f221a7c42a697daaa19582749?s=128&#038;d=identicon&#038;r=g' srcset='https:\/\/secure.gravatar.com\/avatar\/33819dcc37c9c1ab57a2393eb2c918525d131b2f221a7c42a697daaa19582749?s=256&#038;d=identicon&#038;r=g 2x' class='avatar avatar-128 photo' height='128' width='128' \/>\t\t<\/div>\n\t\t\t\t<div class=\"elementor-post__text\">\n\t\t\t\t<h3 class=\"elementor-post__title\">\n\t\t\t<a href=\"https:\/\/scrantonlawfirm.com\/es\/fatal-three-vehicle-crash-highway-183-salinas-sept-11-2025\/\" >\n\t\t\t\tDos muertos y un herido en colisi\u00f3n de tres veh\u00edculos en la Autopista 183 en Salinas \u2013 11 de septiembre de 2025\t\t\t<\/a>\n\t\t<\/h3>\n\t\t\n\t\t<a class=\"elementor-post__read-more\" href=\"https:\/\/scrantonlawfirm.com\/es\/fatal-three-vehicle-crash-highway-183-salinas-sept-11-2025\/\" aria-label=\"Read more about Two Killed, One Injured in Three-Vehicle Crash on Highway 183 in Salinas \u2013 September 11, 2025\" tabindex=\"-1\" >\n\t\t\tLeer m\u00e1s\t\t<\/a>\n\n\t\t\t\t<\/div>\n\t\t\t\t<div class=\"elementor-post__meta-data\">\n\t\t\t\t\t<span class=\"elementor-post-date\">\n\t\t\t11 de septiembre de 2025\t\t<\/span>\n\t\t\t\t<\/div>\n\t\t\t\t\t<\/div>\n\t\t<\/article>\n\t\t\t\t<article class=\"elementor-post elementor-grid-item post-92211 post type-post status-publish format-standard has-post-thumbnail hentry category-news-accidents category-news tag-california-workplace-death tag-construction-worker-dies-costco tag-costco-gas-station-death tag-costco-gas-station-incident tag-osha-investigation-sacramento tag-sacramento-workplace-fatality tag-underground-vault-fatality tag-work-accident-sacramento tag-wrongful-death-worksite\" role=\"listitem\">\n\t\t\t<div class=\"elementor-post__card\">\n\t\t\t\t<a class=\"elementor-post__thumbnail__link\" href=\"https:\/\/scrantonlawfirm.com\/es\/worker-dies-underground-costco-gas-sacramento-sept-8-2025\/\" tabindex=\"-1\" ><div class=\"elementor-post__thumbnail\"><img loading=\"lazy\" decoding=\"async\" width=\"300\" height=\"164\" src=\"https:\/\/scrantonlawfirm.com\/wp-content\/uploads\/sacramento-costco-worker-death-2025-300x164.webp\" class=\"attachment-medium size-medium wp-image-92213\" alt=\"Escena de muerte de un trabajador de la construcci\u00f3n en el sitio de la gasolinera de Costco en Sacramento\" srcset=\"https:\/\/scrantonlawfirm.com\/wp-content\/uploads\/sacramento-costco-worker-death-2025-300x164.webp 300w, https:\/\/scrantonlawfirm.com\/wp-content\/uploads\/sacramento-costco-worker-death-2025-1024x559.webp 1024w, https:\/\/scrantonlawfirm.com\/wp-content\/uploads\/sacramento-costco-worker-death-2025-768x419.webp 768w, https:\/\/scrantonlawfirm.com\/wp-content\/uploads\/sacramento-costco-worker-death-2025-18x10.webp 18w, https:\/\/scrantonlawfirm.com\/wp-content\/uploads\/sacramento-costco-worker-death-2025.webp 1408w\" sizes=\"(max-width: 300px) 100vw, 300px\" \/><\/div><\/a>\n\t\t\t\t<div class=\"elementor-post__avatar\">\n\t\t\t<img alt='Jason Molino' src='https:\/\/secure.gravatar.com\/avatar\/33819dcc37c9c1ab57a2393eb2c918525d131b2f221a7c42a697daaa19582749?s=128&#038;d=identicon&#038;r=g' srcset='https:\/\/secure.gravatar.com\/avatar\/33819dcc37c9c1ab57a2393eb2c918525d131b2f221a7c42a697daaa19582749?s=256&#038;d=identicon&#038;r=g 2x' class='avatar avatar-128 photo' height='128' width='128' \/>\t\t<\/div>\n\t\t\t\t<div class=\"elementor-post__text\">\n\t\t\t\t<h3 class=\"elementor-post__title\">\n\t\t\t<a href=\"https:\/\/scrantonlawfirm.com\/es\/worker-dies-underground-costco-gas-sacramento-sept-8-2025\/\" >\n\t\t\t\tHombre de 37 a\u00f1os muere tras desmayarse mientras trabajaba bajo tierra en estaci\u00f3n de gasolina de Costco en Sacramento \u2013 8 de septiembre de 2025\t\t\t<\/a>\n\t\t<\/h3>\n\t\t\n\t\t<a class=\"elementor-post__read-more\" href=\"https:\/\/scrantonlawfirm.com\/es\/worker-dies-underground-costco-gas-sacramento-sept-8-2025\/\" aria-label=\"Read more about 37-Year-Old Man Dies After Fainting While Working Underground at Costco Gas Station in Sacramento \u2013 September 8, 2025\" tabindex=\"-1\" >\n\t\t\tLeer m\u00e1s\t\t<\/a>\n\n\t\t\t\t<\/div>\n\t\t\t\t<div class=\"elementor-post__meta-data\">\n\t\t\t\t\t<span class=\"elementor-post-date\">\n\t\t\t8 de septiembre de 2025\t\t<\/span>\n\t\t\t\t<\/div>\n\t\t\t\t\t<\/div>\n\t\t<\/article>\n\t\t\t\t<article class=\"elementor-post elementor-grid-item post-92111 post type-post status-publish format-standard has-post-thumbnail hentry category-news-accidents category-news tag-california-wrongful-death tag-chp-investigation tag-distracted-driving-accident tag-exeter-crash tag-head-on-collision tag-passenger-killed-crash tag-penlan-avenue-crash tag-spruce-road-accident tag-tulare-county-car-accident tag-tulare-county-injury-accident\" role=\"listitem\">\n\t\t\t<div class=\"elementor-post__card\">\n\t\t\t\t<a class=\"elementor-post__thumbnail__link\" href=\"https:\/\/scrantonlawfirm.com\/es\/tulare-county-passenger-killed-head-on-collision-penlan-avenue-spruce-road-july-13-2025\/\" tabindex=\"-1\" ><div class=\"elementor-post__thumbnail\"><img loading=\"lazy\" decoding=\"async\" width=\"300\" height=\"164\" src=\"https:\/\/scrantonlawfirm.com\/wp-content\/uploads\/tulare-county-head-on-collision-july-2025jpg-300x164.jpg\" class=\"attachment-medium size-medium wp-image-92114\" alt=\"Escena de colisi\u00f3n frontal fatal involucrando un Honda Odyssey y un Chrysler Pacifica cerca de Exeter en el condado de Tulare, julio de 2025.\" srcset=\"https:\/\/scrantonlawfirm.com\/wp-content\/uploads\/tulare-county-head-on-collision-july-2025jpg-300x164.jpg 300w, https:\/\/scrantonlawfirm.com\/wp-content\/uploads\/tulare-county-head-on-collision-july-2025jpg-1024x558.jpg 1024w, https:\/\/scrantonlawfirm.com\/wp-content\/uploads\/tulare-county-head-on-collision-july-2025jpg-768x419.jpg 768w, https:\/\/scrantonlawfirm.com\/wp-content\/uploads\/tulare-county-head-on-collision-july-2025jpg-18x10.jpg 18w, https:\/\/scrantonlawfirm.com\/wp-content\/uploads\/tulare-county-head-on-collision-july-2025jpg.jpg 1280w\" sizes=\"(max-width: 300px) 100vw, 300px\" \/><\/div><\/a>\n\t\t\t\t<div class=\"elementor-post__avatar\">\n\t\t\t<img alt='Denise Iannini' src='https:\/\/secure.gravatar.com\/avatar\/4e1c5862c2c7929d0a767cdcff1162c054d10ac86cb642a649bb68e9fe94382e?s=128&#038;d=identicon&#038;r=g' srcset='https:\/\/secure.gravatar.com\/avatar\/4e1c5862c2c7929d0a767cdcff1162c054d10ac86cb642a649bb68e9fe94382e?s=256&#038;d=identicon&#038;r=g 2x' class='avatar avatar-128 photo' height='128' width='128' \/>\t\t<\/div>\n\t\t\t\t<div class=\"elementor-post__text\">\n\t\t\t\t<h3 class=\"elementor-post__title\">\n\t\t\t<a href=\"https:\/\/scrantonlawfirm.com\/es\/tulare-county-passenger-killed-head-on-collision-penlan-avenue-spruce-road-july-13-2025\/\" >\n\t\t\t\tCondado de Tulare, CA \u2013 Pasajero Muere en Colisi\u00f3n Frontal de Dos Veh\u00edculos Cerca de Penlan Avenue y Spruce Road el 13 de Julio de 2025\t\t\t<\/a>\n\t\t<\/h3>\n\t\t\n\t\t<a class=\"elementor-post__read-more\" href=\"https:\/\/scrantonlawfirm.com\/es\/tulare-county-passenger-killed-head-on-collision-penlan-avenue-spruce-road-july-13-2025\/\" aria-label=\"Read more about Tulare County, CA \u2013 Passenger Killed in Two-Vehicle Head-On Collision Near Penlan Avenue and Spruce Road on July 13, 2025\" tabindex=\"-1\" >\n\t\t\tLeer m\u00e1s\t\t<\/a>\n\n\t\t\t\t<\/div>\n\t\t\t\t<div class=\"elementor-post__meta-data\">\n\t\t\t\t\t<span class=\"elementor-post-date\">\n\t\t\t13 de agosto de 2025\t\t<\/span>\n\t\t\t\t<\/div>\n\t\t\t\t\t<\/div>\n\t\t<\/article>\n\t\t\t\t<article class=\"elementor-post elementor-grid-item post-92002 post type-post status-publish format-standard has-post-thumbnail hentry category-news-accidents category-news tag-auto-accident tag-california-law-firm tag-dui-crash tag-fatal-crash tag-legal-options tag-personal-injury tag-roseville-road tag-sacramento-accident tag-suspected-dui tag-wrongful-death\" role=\"listitem\">\n\t\t\t<div class=\"elementor-post__card\">\n\t\t\t\t<a class=\"elementor-post__thumbnail__link\" href=\"https:\/\/scrantonlawfirm.com\/es\/three-killed-one-injured-suspected-dui-crash-roseville-road-sacramento-august-2025\/\" tabindex=\"-1\" ><div class=\"elementor-post__thumbnail\"><img loading=\"lazy\" decoding=\"async\" width=\"300\" height=\"164\" src=\"https:\/\/scrantonlawfirm.com\/wp-content\/uploads\/suspected-dui-crash-roseville-road-sacramento-300x164.jpg\" class=\"attachment-medium size-medium wp-image-92009\" alt=\"Escena del accidente en Roseville Road y Connie Drive, en Sacramento, tras una colisi\u00f3n presuntamente causada por conducir bajo los efectos del alcohol a primera hora de la ma\u00f1ana\" srcset=\"https:\/\/scrantonlawfirm.com\/wp-content\/uploads\/suspected-dui-crash-roseville-road-sacramento-300x164.jpg 300w, https:\/\/scrantonlawfirm.com\/wp-content\/uploads\/suspected-dui-crash-roseville-road-sacramento-1024x558.jpg 1024w, https:\/\/scrantonlawfirm.com\/wp-content\/uploads\/suspected-dui-crash-roseville-road-sacramento-768x419.jpg 768w, https:\/\/scrantonlawfirm.com\/wp-content\/uploads\/suspected-dui-crash-roseville-road-sacramento-18x10.jpg 18w, https:\/\/scrantonlawfirm.com\/wp-content\/uploads\/suspected-dui-crash-roseville-road-sacramento.jpg 1280w\" sizes=\"(max-width: 300px) 100vw, 300px\" \/><\/div><\/a>\n\t\t\t\t<div class=\"elementor-post__avatar\">\n\t\t\t<img alt='Denise Iannini' src='https:\/\/secure.gravatar.com\/avatar\/4e1c5862c2c7929d0a767cdcff1162c054d10ac86cb642a649bb68e9fe94382e?s=128&#038;d=identicon&#038;r=g' srcset='https:\/\/secure.gravatar.com\/avatar\/4e1c5862c2c7929d0a767cdcff1162c054d10ac86cb642a649bb68e9fe94382e?s=256&#038;d=identicon&#038;r=g 2x' class='avatar avatar-128 photo' height='128' width='128' \/>\t\t<\/div>\n\t\t\t\t<div class=\"elementor-post__text\">\n\t\t\t\t<h3 class=\"elementor-post__title\">\n\t\t\t<a href=\"https:\/\/scrantonlawfirm.com\/es\/three-killed-one-injured-suspected-dui-crash-roseville-road-sacramento-august-2025\/\" >\n\t\t\t\tTres muertos y un herido en presunto choque por conducir bajo la influencia del alcohol o drogas en Roseville Road \u2014 Sacramento, 2 de agosto de 2025\t\t\t<\/a>\n\t\t<\/h3>\n\t\t\n\t\t<a class=\"elementor-post__read-more\" href=\"https:\/\/scrantonlawfirm.com\/es\/three-killed-one-injured-suspected-dui-crash-roseville-road-sacramento-august-2025\/\" aria-label=\"Read more about Three Killed and One Injured in Suspected DUI Crash on Roseville Road \u2014 Sacramento, August 2, 2025\" tabindex=\"-1\" >\n\t\t\tLeer m\u00e1s\t\t<\/a>\n\n\t\t\t\t<\/div>\n\t\t\t\t<div class=\"elementor-post__meta-data\">\n\t\t\t\t\t<span class=\"elementor-post-date\">\n\t\t\t3 de agosto de 2025\t\t<\/span>\n\t\t\t\t<\/div>\n\t\t\t\t\t<\/div>\n\t\t<\/article>\n\t\t\t\t<article class=\"elementor-post elementor-grid-item post-91945 post type-post status-publish format-standard has-post-thumbnail hentry category-news-accidents category-news tag-caltrans tag-construction-accident tag-crane-accident tag-falling-debris tag-freeway-accident tag-highway-101-crash tag-monterey-county-accident tag-personal-injury-lawyers-ca tag-salinas-accident\" role=\"listitem\">\n\t\t\t<div class=\"elementor-post__card\">\n\t\t\t\t<a class=\"elementor-post__thumbnail__link\" href=\"https:\/\/scrantonlawfirm.com\/es\/two-injured-crane-falls-off-hwy-101-crushes-car-salinas\/\" tabindex=\"-1\" ><div class=\"elementor-post__thumbnail\"><img loading=\"lazy\" decoding=\"async\" width=\"300\" height=\"168\" src=\"https:\/\/scrantonlawfirm.com\/wp-content\/uploads\/salinas-crane-accident-hwy-101-overpass-300x168.webp\" class=\"attachment-medium size-medium wp-image-91947\" alt=\"Equipos de emergencia trabajan para rescatar a v\u00edctimas de un autom\u00f3vil aplastado por una gr\u00faa de Caltrans que cay\u00f3 de un paso elevado de la Carretera 101. (Recreaci\u00f3n digital)\" srcset=\"https:\/\/scrantonlawfirm.com\/wp-content\/uploads\/salinas-crane-accident-hwy-101-overpass-300x168.webp 300w, https:\/\/scrantonlawfirm.com\/wp-content\/uploads\/salinas-crane-accident-hwy-101-overpass-1024x574.webp 1024w, https:\/\/scrantonlawfirm.com\/wp-content\/uploads\/salinas-crane-accident-hwy-101-overpass-768x430.webp 768w, https:\/\/scrantonlawfirm.com\/wp-content\/uploads\/salinas-crane-accident-hwy-101-overpass-18x10.webp 18w, https:\/\/scrantonlawfirm.com\/wp-content\/uploads\/salinas-crane-accident-hwy-101-overpass.webp 1456w\" sizes=\"(max-width: 300px) 100vw, 300px\" \/><\/div><\/a>\n\t\t\t\t<div class=\"elementor-post__avatar\">\n\t\t\t<img alt='Jason Molino' src='https:\/\/secure.gravatar.com\/avatar\/33819dcc37c9c1ab57a2393eb2c918525d131b2f221a7c42a697daaa19582749?s=128&#038;d=identicon&#038;r=g' srcset='https:\/\/secure.gravatar.com\/avatar\/33819dcc37c9c1ab57a2393eb2c918525d131b2f221a7c42a697daaa19582749?s=256&#038;d=identicon&#038;r=g 2x' class='avatar avatar-128 photo' height='128' width='128' \/>\t\t<\/div>\n\t\t\t\t<div class=\"elementor-post__text\">\n\t\t\t\t<h3 class=\"elementor-post__title\">\n\t\t\t<a href=\"https:\/\/scrantonlawfirm.com\/es\/two-injured-crane-falls-off-hwy-101-crushes-car-salinas\/\" >\n\t\t\t\tDos heridos tras ca\u00edda de gr\u00faa de puente en la autopista 101, aplasta auto en Salinas\t\t\t<\/a>\n\t\t<\/h3>\n\t\t\n\t\t<a class=\"elementor-post__read-more\" href=\"https:\/\/scrantonlawfirm.com\/es\/two-injured-crane-falls-off-hwy-101-crushes-car-salinas\/\" aria-label=\"Read more about Two Injured After Crane Falls From Highway 101 Overpass, Crushing Car in Salinas\" tabindex=\"-1\" >\n\t\t\tLeer m\u00e1s\t\t<\/a>\n\n\t\t\t\t<\/div>\n\t\t\t\t<div class=\"elementor-post__meta-data\">\n\t\t\t\t\t<span class=\"elementor-post-date\">\n\t\t\t31 de julio de 2025\t\t<\/span>\n\t\t\t\t<\/div>\n\t\t\t\t\t<\/div>\n\t\t<\/article>\n\t\t\t\t<article class=\"elementor-post elementor-grid-item post-92015 post type-post status-publish format-standard has-post-thumbnail hentry category-news-accidents category-news tag-butte-county-auto-accident tag-california-highway-accident-july-2025 tag-dui-fatalities-california tag-highway-162-dui-crash tag-oroville-car-accident tag-oroville-east-fatal-collision tag-suspected-dui-crash tag-wrongful-death-oroville\" role=\"listitem\">\n\t\t\t<div class=\"elementor-post__card\">\n\t\t\t\t<a class=\"elementor-post__thumbnail__link\" href=\"https:\/\/scrantonlawfirm.com\/es\/fatal-dui-crash-highway-162-oroville-east-july-2025\/\" tabindex=\"-1\" ><div class=\"elementor-post__thumbnail\"><img loading=\"lazy\" decoding=\"async\" width=\"300\" height=\"164\" src=\"https:\/\/scrantonlawfirm.com\/wp-content\/uploads\/fatal-dui-crash-highway-162-oroville-east-july-2025-300x164.jpg\" class=\"attachment-medium size-medium wp-image-92040\" alt=\"Escena de un choque fatal por conducir ebrio en la autopista 162 cerca de Old Olive Highway en Oroville East\" srcset=\"https:\/\/scrantonlawfirm.com\/wp-content\/uploads\/fatal-dui-crash-highway-162-oroville-east-july-2025-300x164.jpg 300w, https:\/\/scrantonlawfirm.com\/wp-content\/uploads\/fatal-dui-crash-highway-162-oroville-east-july-2025-1024x558.jpg 1024w, https:\/\/scrantonlawfirm.com\/wp-content\/uploads\/fatal-dui-crash-highway-162-oroville-east-july-2025-768x419.jpg 768w, https:\/\/scrantonlawfirm.com\/wp-content\/uploads\/fatal-dui-crash-highway-162-oroville-east-july-2025-18x10.jpg 18w, https:\/\/scrantonlawfirm.com\/wp-content\/uploads\/fatal-dui-crash-highway-162-oroville-east-july-2025.jpg 1280w\" sizes=\"(max-width: 300px) 100vw, 300px\" \/><\/div><\/a>\n\t\t\t\t<div class=\"elementor-post__avatar\">\n\t\t\t<img alt='andresl@scrantonlawfirm.com' src='https:\/\/secure.gravatar.com\/avatar\/6faddf1bf02e4d80cefacebc30fd843a5b4b9bf5ae7faca9ad1073e4c1b600da?s=128&#038;d=identicon&#038;r=g' srcset='https:\/\/secure.gravatar.com\/avatar\/6faddf1bf02e4d80cefacebc30fd843a5b4b9bf5ae7faca9ad1073e4c1b600da?s=256&#038;d=identicon&#038;r=g 2x' class='avatar avatar-128 photo' height='128' width='128' \/>\t\t<\/div>\n\t\t\t\t<div class=\"elementor-post__text\">\n\t\t\t\t<h3 class=\"elementor-post__title\">\n\t\t\t<a href=\"https:\/\/scrantonlawfirm.com\/es\/fatal-dui-crash-highway-162-oroville-east-july-2025\/\" >\n\t\t\t\tAccidente Fatal por DUI en la Carretera 162 Cerca de Old Olive Highway en Oroville East \u2013 30 de Julio de 2025\t\t\t<\/a>\n\t\t<\/h3>\n\t\t\n\t\t<a class=\"elementor-post__read-more\" href=\"https:\/\/scrantonlawfirm.com\/es\/fatal-dui-crash-highway-162-oroville-east-july-2025\/\" aria-label=\"Read more about Fatal DUI Crash on Highway 162 Near Old Olive Highway in Oroville East \u2013 July 30, 2025\" tabindex=\"-1\" >\n\t\t\tLeer m\u00e1s\t\t<\/a>\n\n\t\t\t\t<\/div>\n\t\t\t\t<div class=\"elementor-post__meta-data\">\n\t\t\t\t\t<span class=\"elementor-post-date\">\n\t\t\t30 de julio de 2025\t\t<\/span>\n\t\t\t\t<\/div>\n\t\t\t\t\t<\/div>\n\t\t<\/article>\n\t\t\t\t<article class=\"elementor-post elementor-grid-item post-91939 post type-post status-publish format-standard has-post-thumbnail hentry category-news-accidents category-news tag-brentwood-car-accident tag-contra-costa-county-accident tag-head-on-collision tag-july-2025-crash tag-marsh-creek-road-accident tag-multi-vehicle-crash tag-personal-injury-lawyers-ca tag-three-vehicle-crash\" role=\"listitem\">\n\t\t\t<div class=\"elementor-post__card\">\n\t\t\t\t<a class=\"elementor-post__thumbnail__link\" href=\"https:\/\/scrantonlawfirm.com\/es\/five-injured-three-vehicle-crash-marsh-creek-road-brentwood\/\" tabindex=\"-1\" ><div class=\"elementor-post__thumbnail\"><img loading=\"lazy\" decoding=\"async\" width=\"300\" height=\"168\" src=\"https:\/\/scrantonlawfirm.com\/wp-content\/uploads\/marsh-creek-road-brentwood-multi-vehicle-crash-300x168.webp\" class=\"attachment-medium size-medium wp-image-91941\" alt=\"Consecuencias de una colisi\u00f3n de m\u00faltiples veh\u00edculos con impacto frontal en Marsh Creek Road en Brentwood, CA. (Recreaci\u00f3n digital)\" srcset=\"https:\/\/scrantonlawfirm.com\/wp-content\/uploads\/marsh-creek-road-brentwood-multi-vehicle-crash-300x168.webp 300w, https:\/\/scrantonlawfirm.com\/wp-content\/uploads\/marsh-creek-road-brentwood-multi-vehicle-crash-1024x574.webp 1024w, https:\/\/scrantonlawfirm.com\/wp-content\/uploads\/marsh-creek-road-brentwood-multi-vehicle-crash-768x430.webp 768w, https:\/\/scrantonlawfirm.com\/wp-content\/uploads\/marsh-creek-road-brentwood-multi-vehicle-crash-18x10.webp 18w, https:\/\/scrantonlawfirm.com\/wp-content\/uploads\/marsh-creek-road-brentwood-multi-vehicle-crash.webp 1456w\" sizes=\"(max-width: 300px) 100vw, 300px\" \/><\/div><\/a>\n\t\t\t\t<div class=\"elementor-post__avatar\">\n\t\t\t<img alt='Jason Molino' src='https:\/\/secure.gravatar.com\/avatar\/33819dcc37c9c1ab57a2393eb2c918525d131b2f221a7c42a697daaa19582749?s=128&#038;d=identicon&#038;r=g' srcset='https:\/\/secure.gravatar.com\/avatar\/33819dcc37c9c1ab57a2393eb2c918525d131b2f221a7c42a697daaa19582749?s=256&#038;d=identicon&#038;r=g 2x' class='avatar avatar-128 photo' height='128' width='128' \/>\t\t<\/div>\n\t\t\t\t<div class=\"elementor-post__text\">\n\t\t\t\t<h3 class=\"elementor-post__title\">\n\t\t\t<a href=\"https:\/\/scrantonlawfirm.com\/es\/five-injured-three-vehicle-crash-marsh-creek-road-brentwood\/\" >\n\t\t\t\tCinco heridos, uno de gravedad, en un accidente entre tres veh\u00edculos en Marsh Creek Road, Brentwood\t\t\t<\/a>\n\t\t<\/h3>\n\t\t\n\t\t<a class=\"elementor-post__read-more\" href=\"https:\/\/scrantonlawfirm.com\/es\/five-injured-three-vehicle-crash-marsh-creek-road-brentwood\/\" aria-label=\"Read more about Five Injured, One Seriously, in Three-Vehicle Crash on Marsh Creek Road in Brentwood\" tabindex=\"-1\" >\n\t\t\tLeer m\u00e1s\t\t<\/a>\n\n\t\t\t\t<\/div>\n\t\t\t\t<div class=\"elementor-post__meta-data\">\n\t\t\t\t\t<span class=\"elementor-post-date\">\n\t\t\t29 de julio de 2025\t\t<\/span>\n\t\t\t\t<\/div>\n\t\t\t\t\t<\/div>\n\t\t<\/article>\n\t\t\t\t<article class=\"elementor-post elementor-grid-item post-91901 post type-post status-publish format-standard has-post-thumbnail hentry category-news-accidents category-news tag-fatal-car-accident tag-head-on-crash tag-july-2025-accident tag-napa-car-accident tag-napa-county-crash tag-personal-injury-lawyers-ca tag-silverado-trail-accident tag-wrongful-death-claim\" role=\"listitem\">\n\t\t\t<div class=\"elementor-post__card\">\n\t\t\t\t<a class=\"elementor-post__thumbnail__link\" href=\"https:\/\/scrantonlawfirm.com\/es\/one-killed-one-injured-head-on-crash-silverado-trail-napa\/\" tabindex=\"-1\" ><div class=\"elementor-post__thumbnail\"><img loading=\"lazy\" decoding=\"async\" width=\"300\" height=\"169\" src=\"https:\/\/scrantonlawfirm.com\/wp-content\/uploads\/head-on-crash-silverado-trail-napa-county-300x169.webp\" class=\"attachment-medium size-medium wp-image-91903\" alt=\"Vista del Silverado Trail en el condado de Napa donde ocurri\u00f3 un accidente automovil\u00edstico frontal fatal.\" srcset=\"https:\/\/scrantonlawfirm.com\/wp-content\/uploads\/head-on-crash-silverado-trail-napa-county-300x169.webp 300w, https:\/\/scrantonlawfirm.com\/wp-content\/uploads\/head-on-crash-silverado-trail-napa-county-1024x576.webp 1024w, https:\/\/scrantonlawfirm.com\/wp-content\/uploads\/head-on-crash-silverado-trail-napa-county-768x432.webp 768w, https:\/\/scrantonlawfirm.com\/wp-content\/uploads\/head-on-crash-silverado-trail-napa-county-18x10.webp 18w, https:\/\/scrantonlawfirm.com\/wp-content\/uploads\/head-on-crash-silverado-trail-napa-county.webp 1536w\" sizes=\"(max-width: 300px) 100vw, 300px\" \/><\/div><\/a>\n\t\t\t\t<div class=\"elementor-post__avatar\">\n\t\t\t<img alt='Jason Molino' src='https:\/\/secure.gravatar.com\/avatar\/33819dcc37c9c1ab57a2393eb2c918525d131b2f221a7c42a697daaa19582749?s=128&#038;d=identicon&#038;r=g' srcset='https:\/\/secure.gravatar.com\/avatar\/33819dcc37c9c1ab57a2393eb2c918525d131b2f221a7c42a697daaa19582749?s=256&#038;d=identicon&#038;r=g 2x' class='avatar avatar-128 photo' height='128' width='128' \/>\t\t<\/div>\n\t\t\t\t<div class=\"elementor-post__text\">\n\t\t\t\t<h3 class=\"elementor-post__title\">\n\t\t\t<a href=\"https:\/\/scrantonlawfirm.com\/es\/one-killed-one-injured-head-on-crash-silverado-trail-napa\/\" >\n\t\t\t\tUn muerto y un herido grave en colisi\u00f3n frontal en Silverado Trail, condado de Napa\t\t\t<\/a>\n\t\t<\/h3>\n\t\t\n\t\t<a class=\"elementor-post__read-more\" href=\"https:\/\/scrantonlawfirm.com\/es\/one-killed-one-injured-head-on-crash-silverado-trail-napa\/\" aria-label=\"Read more about One Killed, One Seriously Injured in Head-On Crash on Silverado Trail in Napa County\" tabindex=\"-1\" >\n\t\t\tLeer m\u00e1s\t\t<\/a>\n\n\t\t\t\t<\/div>\n\t\t\t\t<div class=\"elementor-post__meta-data\">\n\t\t\t\t\t<span class=\"elementor-post-date\">\n\t\t\t28 de julio de 2025\t\t<\/span>\n\t\t\t\t<\/div>\n\t\t\t\t\t<\/div>\n\t\t<\/article>\n\t\t\t\t<article class=\"elementor-post elementor-grid-item post-91930 post type-post status-publish format-standard has-post-thumbnail hentry category-news-accidents category-news tag-corby-avenue-crash tag-fatal-car-accident tag-head-on-crash tag-july-2025-crash tag-santa-rosa-car-accident tag-sonoma-county-accident tag-vehicular-manslaughter tag-wrongful-death\" role=\"listitem\">\n\t\t\t<div class=\"elementor-post__card\">\n\t\t\t\t<a class=\"elementor-post__thumbnail__link\" href=\"https:\/\/scrantonlawfirm.com\/es\/woman-killed-man-arrested-head-on-crash-corby-avenue-santa-rosa\/\" tabindex=\"-1\" ><div class=\"elementor-post__thumbnail\"><img loading=\"lazy\" decoding=\"async\" width=\"300\" height=\"168\" src=\"https:\/\/scrantonlawfirm.com\/wp-content\/uploads\/head-on-crash-corby-avenue-santa-rosa-300x168.webp\" class=\"attachment-medium size-medium wp-image-91932\" alt=\"La polic\u00eda investiga un choque frontal fatal entre una camioneta y un sed\u00e1n en Corby Avenue.\" srcset=\"https:\/\/scrantonlawfirm.com\/wp-content\/uploads\/head-on-crash-corby-avenue-santa-rosa-300x168.webp 300w, https:\/\/scrantonlawfirm.com\/wp-content\/uploads\/head-on-crash-corby-avenue-santa-rosa-1024x574.webp 1024w, https:\/\/scrantonlawfirm.com\/wp-content\/uploads\/head-on-crash-corby-avenue-santa-rosa-768x430.webp 768w, https:\/\/scrantonlawfirm.com\/wp-content\/uploads\/head-on-crash-corby-avenue-santa-rosa-18x10.webp 18w, https:\/\/scrantonlawfirm.com\/wp-content\/uploads\/head-on-crash-corby-avenue-santa-rosa.webp 1456w\" sizes=\"(max-width: 300px) 100vw, 300px\" \/><\/div><\/a>\n\t\t\t\t<div class=\"elementor-post__avatar\">\n\t\t\t<img alt='Jason Molino' src='https:\/\/secure.gravatar.com\/avatar\/33819dcc37c9c1ab57a2393eb2c918525d131b2f221a7c42a697daaa19582749?s=128&#038;d=identicon&#038;r=g' srcset='https:\/\/secure.gravatar.com\/avatar\/33819dcc37c9c1ab57a2393eb2c918525d131b2f221a7c42a697daaa19582749?s=256&#038;d=identicon&#038;r=g 2x' class='avatar avatar-128 photo' height='128' width='128' \/>\t\t<\/div>\n\t\t\t\t<div class=\"elementor-post__text\">\n\t\t\t\t<h3 class=\"elementor-post__title\">\n\t\t\t<a href=\"https:\/\/scrantonlawfirm.com\/es\/woman-killed-man-arrested-head-on-crash-corby-avenue-santa-rosa\/\" >\n\t\t\t\tUna mujer muere y un hombre es arrestado en un choque frontal en la avenida Corby en Santa Rosa\t\t\t<\/a>\n\t\t<\/h3>\n\t\t\n\t\t<a class=\"elementor-post__read-more\" href=\"https:\/\/scrantonlawfirm.com\/es\/woman-killed-man-arrested-head-on-crash-corby-avenue-santa-rosa\/\" aria-label=\"Read more about Woman Killed, Man Arrested in Head-On Crash on Corby Avenue in Santa Rosa\" tabindex=\"-1\" >\n\t\t\tLeer m\u00e1s\t\t<\/a>\n\n\t\t\t\t<\/div>\n\t\t\t\t<div class=\"elementor-post__meta-data\">\n\t\t\t\t\t<span class=\"elementor-post-date\">\n\t\t\t27 de julio de 2025\t\t<\/span>\n\t\t\t\t<\/div>\n\t\t\t\t\t<\/div>\n\t\t<\/article>\n\t\t\t\t<\/div>\n\t\t\t\t\t<span class=\"e-load-more-spinner\">\n\t\t\t\t<i aria-hidden=\"true\" class=\"fas fa-spinner\"><\/i>\t\t\t<\/span>\n\t\t\n\t\t\t\t<div class=\"e-load-more-anchor\" data-page=\"1\" data-max-page=\"64\" data-next-page=\"https:\/\/scrantonlawfirm.com\/es\/wp-json\/wp\/v2\/pages\/41688\/page\/2\/\"><\/div>\n\t\t\t\t<div class=\"elementor-button-wrapper\">\n\t\t\t<a class=\"elementor-button elementor-size-sm\" role=\"button\">\n\t\t\t\t\t\t<span class=\"elementor-button-content-wrapper\">\n\t\t\t\t\t\t\t\t\t<span class=\"elementor-button-text\">Leer m\u00e1s<\/span>\n\t\t\t\t\t<\/span>\n\t\t\t\t\t<\/a>\n\t\t<\/div>\n\t\t\t\t<div class=\"e-load-more-message\"><\/div>\n\t\t\t\t\t\t<\/div>\n\t\t\t\t<\/div>\n\t\t\t\t\t<\/div>\n\t\t<\/div>\n\t\t\t\t\t<\/div>\n\t\t<\/section>\n\t\t\t\t<\/div>","protected":false},"excerpt":{"rendered":"<p>Noticias de Accidentes: Comprendiendo los Accidentes desde una Perspectiva Legal<\/p>","protected":false},"author":2,"featured_media":0,"parent":100,"menu_order":0,"comment_status":"closed","ping_status":"closed","template":"","meta":{"footnotes":""},"class_list":["post-41688","page","type-page","status-publish","hentry"],"aioseo_notices":[],"aioseo_head":"\n\t\t<!-- All in One SEO Pro 4.9.6.2 - aioseo.com -->\n\t<meta name=\"description\" content=\"A 36-year-old woman was killed in a head-on collision on Corby Avenue in Santa Rosa on July 26, 2025. The other driver was arrested for vehicular manslaughter.\" \/>\n\t<meta name=\"robots\" content=\"max-image-preview:large\" \/>\n\t<link rel=\"canonical\" href=\"https:\/\/scrantonlawfirm.com\/es\/woman-killed-man-arrested-head-on-crash-corby-avenue-santa-rosa\/\" \/>\n\t<meta name=\"generator\" content=\"All in One SEO Pro (AIOSEO) 4.9.6.2\" \/>\n\t\t<meta property=\"og:locale\" content=\"es_MX\" \/>\n\t\t<meta property=\"og:site_name\" content=\"Scranton Law Firm - The Accident Attorneys\" \/>\n\t\t<meta property=\"og:type\" content=\"article\" \/>\n\t\t<meta property=\"og:title\" content=\"Woman Killed in Santa Rosa Head-On Crash on Corby Ave\" \/>\n\t\t<meta property=\"og:description\" content=\"A 36-year-old woman was killed in a head-on collision on Corby Avenue in Santa Rosa on July 26, 2025. The other driver was arrested for vehicular manslaughter.\" \/>\n\t\t<meta property=\"og:url\" content=\"https:\/\/scrantonlawfirm.com\/es\/woman-killed-man-arrested-head-on-crash-corby-avenue-santa-rosa\/\" \/>\n\t\t<meta property=\"og:image\" content=\"https:\/\/scrantonlawfirm.com\/wp-content\/uploads\/Scranton_Law_Firm_Logo.svg\" \/>\n\t\t<meta property=\"og:image:secure_url\" content=\"https:\/\/scrantonlawfirm.com\/wp-content\/uploads\/Scranton_Law_Firm_Logo.svg\" \/>\n\t\t<meta property=\"article:published_time\" content=\"2025-07-27T22:27:54+00:00\" \/>\n\t\t<meta property=\"article:modified_time\" content=\"2026-04-23T08:57:39+00:00\" \/>\n\t\t<meta property=\"article:publisher\" content=\"https:\/\/www.facebook.com\/scrantonlawfirm\" \/>\n\t\t<meta name=\"twitter:card\" content=\"summary_large_image\" \/>\n\t\t<meta name=\"twitter:site\" content=\"@ScrantonLaw\" \/>\n\t\t<meta name=\"twitter:title\" content=\"Woman Killed in Santa Rosa Head-On Crash on Corby Ave\" \/>\n\t\t<meta name=\"twitter:description\" content=\"A 36-year-old woman was killed in a head-on collision on Corby Avenue in Santa Rosa on July 26, 2025. The other driver was arrested for vehicular manslaughter.\" \/>\n\t\t<meta name=\"twitter:creator\" content=\"@ScrantonLaw\" \/>\n\t\t<meta name=\"twitter:image\" content=\"https:\/\/scrantonlawfirm.com\/wp-content\/uploads\/Scranton_Law_Firm_Logo.svg\" \/>\n\t\t<script type=\"application\/ld+json\" class=\"aioseo-schema\">\n\t\t\t{\"@context\":\"https:\\\/\\\/schema.org\",\"@graph\":[{\"@type\":\"BlogPosting\",\"@id\":\"https:\\\/\\\/scrantonlawfirm.com\\\/es\\\/woman-killed-man-arrested-head-on-crash-corby-avenue-santa-rosa\\\/#blogposting\",\"name\":\"Woman Killed in Santa Rosa Head-On Crash on Corby Ave\",\"headline\":\"Woman Killed, Man Arrested in Head-On Crash on Corby Avenue in Santa Rosa\",\"author\":{\"@id\":\"https:\\\/\\\/scrantonlawfirm.com\\\/es\\\/author\\\/jason\\\/#author\"},\"publisher\":{\"@id\":\"https:\\\/\\\/scrantonlawfirm.com\\\/es\\\/#organization\"},\"image\":{\"@type\":\"ImageObject\",\"url\":\"https:\\\/\\\/scrantonlawfirm.com\\\/wp-content\\\/uploads\\\/head-on-crash-corby-avenue-santa-rosa.webp\",\"width\":1456,\"height\":816,\"caption\":\"Police investigate a fatal head-on crash between a pickup truck and a sedan on Corby Avenue. Recreated\"},\"datePublished\":\"2025-07-27T22:27:54+00:00\",\"dateModified\":\"2026-04-23T08:57:39+00:00\",\"inLanguage\":\"es-MX\",\"commentCount\":1,\"mainEntityOfPage\":{\"@id\":\"https:\\\/\\\/scrantonlawfirm.com\\\/es\\\/woman-killed-man-arrested-head-on-crash-corby-avenue-santa-rosa\\\/#webpage\"},\"isPartOf\":{\"@id\":\"https:\\\/\\\/scrantonlawfirm.com\\\/es\\\/woman-killed-man-arrested-head-on-crash-corby-avenue-santa-rosa\\\/#webpage\"},\"articleSection\":\"Accidents, News, Corby Avenue Crash, fatal car accident, Head-On Crash, July 2025 Crash, Santa Rosa Car Accident, Sonoma County Accident, Vehicular Manslaughter, Wrongful Death\"},{\"@type\":\"BreadcrumbList\",\"@id\":\"https:\\\/\\\/scrantonlawfirm.com\\\/es\\\/woman-killed-man-arrested-head-on-crash-corby-avenue-santa-rosa\\\/#breadcrumblist\",\"itemListElement\":[{\"@type\":\"ListItem\",\"@id\":\"https:\\\/\\\/scrantonlawfirm.com\\\/es#listItem\",\"position\":1,\"name\":\"Home\",\"item\":\"https:\\\/\\\/scrantonlawfirm.com\\\/es\",\"nextItem\":{\"@type\":\"ListItem\",\"@id\":\"https:\\\/\\\/scrantonlawfirm.com\\\/es\\\/?page_id=100#listItem\",\"name\":\"Helpful Legal Information\"}},{\"@type\":\"ListItem\",\"@id\":\"https:\\\/\\\/scrantonlawfirm.com\\\/es\\\/?page_id=100#listItem\",\"position\":2,\"name\":\"Helpful Legal Information\",\"item\":\"https:\\\/\\\/scrantonlawfirm.com\\\/es\\\/?page_id=100\",\"nextItem\":{\"@type\":\"ListItem\",\"@id\":\"https:\\\/\\\/scrantonlawfirm.com\\\/es\\\/helpful-legal-information\\\/news\\\/#listItem\",\"name\":\"News\"},\"previousItem\":{\"@type\":\"ListItem\",\"@id\":\"https:\\\/\\\/scrantonlawfirm.com\\\/es#listItem\",\"name\":\"Home\"}},{\"@type\":\"ListItem\",\"@id\":\"https:\\\/\\\/scrantonlawfirm.com\\\/es\\\/helpful-legal-information\\\/news\\\/#listItem\",\"position\":3,\"name\":\"News\",\"previousItem\":{\"@type\":\"ListItem\",\"@id\":\"https:\\\/\\\/scrantonlawfirm.com\\\/es\\\/?page_id=100#listItem\",\"name\":\"Helpful Legal Information\"}}]},{\"@type\":\"Organization\",\"@id\":\"https:\\\/\\\/scrantonlawfirm.com\\\/es\\\/#organization\",\"name\":\"The Scranton Law Firm\",\"description\":\"The Accident Attorneys\",\"url\":\"https:\\\/\\\/scrantonlawfirm.com\\\/es\\\/\",\"telephone\":\"+18007070707\",\"logo\":{\"@type\":\"ImageObject\",\"url\":\"http:\\\/\\\/ikz.emg.mybluehost.me\\\/wp-content\\\/uploads\\\/Asset-11.png\",\"@id\":\"https:\\\/\\\/scrantonlawfirm.com\\\/es\\\/woman-killed-man-arrested-head-on-crash-corby-avenue-santa-rosa\\\/#organizationLogo\"},\"image\":{\"@id\":\"https:\\\/\\\/scrantonlawfirm.com\\\/es\\\/woman-killed-man-arrested-head-on-crash-corby-avenue-santa-rosa\\\/#organizationLogo\"},\"sameAs\":[\"https:\\\/\\\/www.facebook.com\\\/scrantonlawfirm\",\"https:\\\/\\\/twitter.com\\\/ScrantonLaw\",\"https:\\\/\\\/www.instagram.com\\\/scrantonlawfirm\\\/\",\"https:\\\/\\\/www.pinterest.com\\\/scrantonlaw\\\/\",\"https:\\\/\\\/www.youtube.com\\\/@TheAccidentLawyers\",\"https:\\\/\\\/www.linkedin.com\\\/company\\\/scranton-law-firm\\\/\",\"https:\\\/\\\/www.yelp.com\\\/biz\\\/scranton-law-firm-concord\"]},{\"@type\":\"Person\",\"@id\":\"https:\\\/\\\/scrantonlawfirm.com\\\/es\\\/author\\\/jason\\\/#author\",\"url\":\"https:\\\/\\\/scrantonlawfirm.com\\\/es\\\/author\\\/jason\\\/\",\"name\":\"Jason Molino\",\"image\":{\"@type\":\"ImageObject\",\"@id\":\"https:\\\/\\\/scrantonlawfirm.com\\\/es\\\/woman-killed-man-arrested-head-on-crash-corby-avenue-santa-rosa\\\/#authorImage\",\"url\":\"https:\\\/\\\/secure.gravatar.com\\\/avatar\\\/33819dcc37c9c1ab57a2393eb2c918525d131b2f221a7c42a697daaa19582749?s=96&d=identicon&r=g\",\"width\":96,\"height\":96,\"caption\":\"Jason Molino\"}},{\"@type\":\"WebPage\",\"@id\":\"https:\\\/\\\/scrantonlawfirm.com\\\/es\\\/woman-killed-man-arrested-head-on-crash-corby-avenue-santa-rosa\\\/#webpage\",\"url\":\"https:\\\/\\\/scrantonlawfirm.com\\\/es\\\/woman-killed-man-arrested-head-on-crash-corby-avenue-santa-rosa\\\/\",\"name\":\"Woman Killed in Santa Rosa Head-On Crash on Corby Ave\",\"description\":\"A 36-year-old woman was killed in a head-on collision on Corby Avenue in Santa Rosa on July 26, 2025. The other driver was arrested for vehicular manslaughter.\",\"inLanguage\":\"es-MX\",\"isPartOf\":{\"@id\":\"https:\\\/\\\/scrantonlawfirm.com\\\/es\\\/#website\"},\"breadcrumb\":{\"@id\":\"https:\\\/\\\/scrantonlawfirm.com\\\/es\\\/woman-killed-man-arrested-head-on-crash-corby-avenue-santa-rosa\\\/#breadcrumblist\"},\"author\":{\"@id\":\"https:\\\/\\\/scrantonlawfirm.com\\\/es\\\/author\\\/jason\\\/#author\"},\"creator\":{\"@id\":\"https:\\\/\\\/scrantonlawfirm.com\\\/es\\\/author\\\/jason\\\/#author\"},\"image\":{\"@type\":\"ImageObject\",\"url\":\"https:\\\/\\\/scrantonlawfirm.com\\\/wp-content\\\/uploads\\\/head-on-crash-corby-avenue-santa-rosa.webp\",\"@id\":\"https:\\\/\\\/scrantonlawfirm.com\\\/es\\\/woman-killed-man-arrested-head-on-crash-corby-avenue-santa-rosa\\\/#mainImage\",\"width\":1456,\"height\":816,\"caption\":\"Police investigate a fatal head-on crash between a pickup truck and a sedan on Corby Avenue. Recreated\"},\"primaryImageOfPage\":{\"@id\":\"https:\\\/\\\/scrantonlawfirm.com\\\/es\\\/woman-killed-man-arrested-head-on-crash-corby-avenue-santa-rosa\\\/#mainImage\"},\"datePublished\":\"2025-07-27T22:27:54+00:00\",\"dateModified\":\"2026-04-23T08:57:39+00:00\"},{\"@type\":\"WebSite\",\"@id\":\"https:\\\/\\\/scrantonlawfirm.com\\\/es\\\/#website\",\"url\":\"https:\\\/\\\/scrantonlawfirm.com\\\/es\\\/\",\"name\":\"My WordPress\",\"description\":\"The Accident Attorneys\",\"inLanguage\":\"es-MX\",\"publisher\":{\"@id\":\"https:\\\/\\\/scrantonlawfirm.com\\\/es\\\/#organization\"}}]}\n\t\t<\/script>\n\t\t<!-- All in One SEO Pro -->\r\n\t\t<title>Woman Killed in Santa Rosa Head-On Crash on Corby Ave<\/title>\n\n","aioseo_head_json":{"title":"Mujer muere en choque frontal en Santa Rosa en Corby Ave","description":"Una mujer de 36 a\u00f1os muri\u00f3 en una colisi\u00f3n frontal en Corby Avenue de Santa Rosa el 26 de julio de 2025. El otro conductor fue arrestado por homicidio vehicular.","canonical_url":"https:\/\/scrantonlawfirm.com\/es\/woman-killed-man-arrested-head-on-crash-corby-avenue-santa-rosa\/","robots":"max-image-preview:large","keywords":"","webmasterTools":{"miscellaneous":""},"schema":{"@context":"https:\/\/schema.org","@graph":[{"@type":"BlogPosting","@id":"https:\/\/scrantonlawfirm.com\/es\/woman-killed-man-arrested-head-on-crash-corby-avenue-santa-rosa\/#blogposting","name":"Woman Killed in Santa Rosa Head-On Crash on Corby Ave","headline":"Woman Killed, Man Arrested in Head-On Crash on Corby Avenue in Santa Rosa","author":{"@id":"https:\/\/scrantonlawfirm.com\/es\/author\/jason\/#author"},"publisher":{"@id":"https:\/\/scrantonlawfirm.com\/es\/#organization"},"image":{"@type":"ImageObject","url":"https:\/\/scrantonlawfirm.com\/wp-content\/uploads\/head-on-crash-corby-avenue-santa-rosa.webp","width":1456,"height":816,"caption":"Police investigate a fatal head-on crash between a pickup truck and a sedan on Corby Avenue. Recreated"},"datePublished":"2025-07-27T22:27:54+00:00","dateModified":"2026-04-23T08:57:39+00:00","inLanguage":"es-MX","commentCount":1,"mainEntityOfPage":{"@id":"https:\/\/scrantonlawfirm.com\/es\/woman-killed-man-arrested-head-on-crash-corby-avenue-santa-rosa\/#webpage"},"isPartOf":{"@id":"https:\/\/scrantonlawfirm.com\/es\/woman-killed-man-arrested-head-on-crash-corby-avenue-santa-rosa\/#webpage"},"articleSection":"Accidents, News, Corby Avenue Crash, fatal car accident, Head-On Crash, July 2025 Crash, Santa Rosa Car Accident, Sonoma County Accident, Vehicular Manslaughter, Wrongful Death"},{"@type":"BreadcrumbList","@id":"https:\/\/scrantonlawfirm.com\/es\/woman-killed-man-arrested-head-on-crash-corby-avenue-santa-rosa\/#breadcrumblist","itemListElement":[{"@type":"ListItem","@id":"https:\/\/scrantonlawfirm.com\/es#listItem","position":1,"name":"Home","item":"https:\/\/scrantonlawfirm.com\/es","nextItem":{"@type":"ListItem","@id":"https:\/\/scrantonlawfirm.com\/es\/?page_id=100#listItem","name":"Helpful Legal Information"}},{"@type":"ListItem","@id":"https:\/\/scrantonlawfirm.com\/es\/?page_id=100#listItem","position":2,"name":"Helpful Legal Information","item":"https:\/\/scrantonlawfirm.com\/es\/?page_id=100","nextItem":{"@type":"ListItem","@id":"https:\/\/scrantonlawfirm.com\/es\/helpful-legal-information\/news\/#listItem","name":"News"},"previousItem":{"@type":"ListItem","@id":"https:\/\/scrantonlawfirm.com\/es#listItem","name":"Home"}},{"@type":"ListItem","@id":"https:\/\/scrantonlawfirm.com\/es\/helpful-legal-information\/news\/#listItem","position":3,"name":"News","previousItem":{"@type":"ListItem","@id":"https:\/\/scrantonlawfirm.com\/es\/?page_id=100#listItem","name":"Helpful Legal Information"}}]},{"@type":"Organization","@id":"https:\/\/scrantonlawfirm.com\/es\/#organization","name":"The Scranton Law Firm","description":"The Accident Attorneys","url":"https:\/\/scrantonlawfirm.com\/es\/","telephone":"+18007070707","logo":{"@type":"ImageObject","url":"http:\/\/ikz.emg.mybluehost.me\/wp-content\/uploads\/Asset-11.png","@id":"https:\/\/scrantonlawfirm.com\/es\/woman-killed-man-arrested-head-on-crash-corby-avenue-santa-rosa\/#organizationLogo"},"image":{"@id":"https:\/\/scrantonlawfirm.com\/es\/woman-killed-man-arrested-head-on-crash-corby-avenue-santa-rosa\/#organizationLogo"},"sameAs":["https:\/\/www.facebook.com\/scrantonlawfirm","https:\/\/twitter.com\/ScrantonLaw","https:\/\/www.instagram.com\/scrantonlawfirm\/","https:\/\/www.pinterest.com\/scrantonlaw\/","https:\/\/www.youtube.com\/@TheAccidentLawyers","https:\/\/www.linkedin.com\/company\/scranton-law-firm\/","https:\/\/www.yelp.com\/biz\/scranton-law-firm-concord"]},{"@type":"Person","@id":"https:\/\/scrantonlawfirm.com\/es\/author\/jason\/#author","url":"https:\/\/scrantonlawfirm.com\/es\/author\/jason\/","name":"Jason Molino","image":{"@type":"ImageObject","@id":"https:\/\/scrantonlawfirm.com\/es\/woman-killed-man-arrested-head-on-crash-corby-avenue-santa-rosa\/#authorImage","url":"https:\/\/secure.gravatar.com\/avatar\/33819dcc37c9c1ab57a2393eb2c918525d131b2f221a7c42a697daaa19582749?s=96&d=identicon&r=g","width":96,"height":96,"caption":"Jason Molino"}},{"@type":"WebPage","@id":"https:\/\/scrantonlawfirm.com\/es\/woman-killed-man-arrested-head-on-crash-corby-avenue-santa-rosa\/#webpage","url":"https:\/\/scrantonlawfirm.com\/es\/woman-killed-man-arrested-head-on-crash-corby-avenue-santa-rosa\/","name":"Woman Killed in Santa Rosa Head-On Crash on Corby Ave","description":"A 36-year-old woman was killed in a head-on collision on Corby Avenue in Santa Rosa on July 26, 2025. The other driver was arrested for vehicular manslaughter.","inLanguage":"es-MX","isPartOf":{"@id":"https:\/\/scrantonlawfirm.com\/es\/#website"},"breadcrumb":{"@id":"https:\/\/scrantonlawfirm.com\/es\/woman-killed-man-arrested-head-on-crash-corby-avenue-santa-rosa\/#breadcrumblist"},"author":{"@id":"https:\/\/scrantonlawfirm.com\/es\/author\/jason\/#author"},"creator":{"@id":"https:\/\/scrantonlawfirm.com\/es\/author\/jason\/#author"},"image":{"@type":"ImageObject","url":"https:\/\/scrantonlawfirm.com\/wp-content\/uploads\/head-on-crash-corby-avenue-santa-rosa.webp","@id":"https:\/\/scrantonlawfirm.com\/es\/woman-killed-man-arrested-head-on-crash-corby-avenue-santa-rosa\/#mainImage","width":1456,"height":816,"caption":"Police investigate a fatal head-on crash between a pickup truck and a sedan on Corby Avenue. Recreated"},"primaryImageOfPage":{"@id":"https:\/\/scrantonlawfirm.com\/es\/woman-killed-man-arrested-head-on-crash-corby-avenue-santa-rosa\/#mainImage"},"datePublished":"2025-07-27T22:27:54+00:00","dateModified":"2026-04-23T08:57:39+00:00"},{"@type":"WebSite","@id":"https:\/\/scrantonlawfirm.com\/es\/#website","url":"https:\/\/scrantonlawfirm.com\/es\/","name":"My WordPress","description":"The Accident Attorneys","inLanguage":"es-MX","publisher":{"@id":"https:\/\/scrantonlawfirm.com\/es\/#organization"}}]},"og:locale":"es_MX","og:site_name":"Scranton Law Firm - The Accident Attorneys","og:type":"article","og:title":"Woman Killed in Santa Rosa Head-On Crash on Corby Ave","og:description":"A 36-year-old woman was killed in a head-on collision on Corby Avenue in Santa Rosa on July 26, 2025. The other driver was arrested for vehicular manslaughter.","og:url":"https:\/\/scrantonlawfirm.com\/es\/woman-killed-man-arrested-head-on-crash-corby-avenue-santa-rosa\/","og:image":"https:\/\/scrantonlawfirm.com\/wp-content\/uploads\/Scranton_Law_Firm_Logo.svg","og:image:secure_url":"https:\/\/scrantonlawfirm.com\/wp-content\/uploads\/Scranton_Law_Firm_Logo.svg","article:published_time":"2025-07-27T22:27:54+00:00","article:modified_time":"2026-04-23T08:57:39+00:00","article:publisher":"https:\/\/www.facebook.com\/scrantonlawfirm","twitter:card":"summary_large_image","twitter:site":"@ScrantonLaw","twitter:title":"Woman Killed in Santa Rosa Head-On Crash on Corby Ave","twitter:description":"A 36-year-old woman was killed in a head-on collision on Corby Avenue in Santa Rosa on July 26, 2025. The other driver was arrested for vehicular manslaughter.","twitter:creator":"@ScrantonLaw","twitter:image":"https:\/\/scrantonlawfirm.com\/wp-content\/uploads\/Scranton_Law_Firm_Logo.svg"},"aioseo_meta_data":{"post_id":"41688","title":null,"description":null,"keywords":null,"keyphrases":null,"primary_term":null,"canonical_url":null,"og_title":null,"og_description":null,"og_object_type":"default","og_image_type":"default","og_image_url":null,"og_image_width":null,"og_image_height":null,"og_image_custom_url":null,"og_image_custom_fields":null,"og_video":null,"og_custom_url":null,"og_article_section":null,"og_article_tags":null,"twitter_use_og":false,"twitter_card":"default","twitter_image_type":"default","twitter_image_url":null,"twitter_image_custom_url":null,"twitter_image_custom_fields":null,"twitter_title":null,"twitter_description":null,"schema":{"blockGraphs":[],"customGraphs":[],"default":{"data":{"Article":[],"Course":[],"Dataset":[],"FAQPage":[],"Movie":[],"Person":[],"Product":[],"ProductReview":[],"Car":[],"Recipe":[],"Service":[],"SoftwareApplication":[],"WebPage":[]},"graphName":"","isEnabled":true},"graphs":[]},"schema_type":"default","schema_type_options":null,"pillar_content":false,"robots_default":true,"robots_noindex":false,"robots_noarchive":false,"robots_nosnippet":false,"robots_nofollow":false,"robots_noimageindex":false,"robots_noodp":false,"robots_notranslate":false,"robots_max_snippet":null,"robots_max_videopreview":null,"robots_max_imagepreview":"large","priority":null,"frequency":null,"local_seo":null,"seo_analyzer_scan_date":"2025-10-09 01:53:05","breadcrumb_settings":null,"limit_modified_date":false,"open_ai":null,"ai":null,"created":"2023-04-21 01:53:28","updated":"2025-10-22 01:18:23"},"aioseo_breadcrumb":"<div class=\"aioseo-breadcrumbs\"><span class=\"aioseo-breadcrumb\">\n\t<a href=\"https:\/\/scrantonlawfirm.com\/es\" title=\"Home\">Home<\/a>\n<\/span><span class=\"aioseo-breadcrumb-separator\">&raquo;<\/span><span class=\"aioseo-breadcrumb\">\n\t<a href=\"https:\/\/scrantonlawfirm.com\/es\/?page_id=100\" title=\"Helpful Legal Information\">Helpful Legal Information<\/a>\n<\/span><span class=\"aioseo-breadcrumb-separator\">&raquo;<\/span><span class=\"aioseo-breadcrumb\">\n\tNews\n<\/span><\/div>","aioseo_breadcrumb_json":[{"label":"Home","link":"https:\/\/scrantonlawfirm.com\/es"},{"label":"Helpful Legal Information","link":"https:\/\/scrantonlawfirm.com\/es\/?page_id=100"},{"label":"News","link":"https:\/\/scrantonlawfirm.com\/es\/helpful-legal-information\/news\/"}],"_links":{"self":[{"href":"https:\/\/scrantonlawfirm.com\/es\/wp-json\/wp\/v2\/pages\/41688","targetHints":{"allow":["GET"]}}],"collection":[{"href":"https:\/\/scrantonlawfirm.com\/es\/wp-json\/wp\/v2\/pages"}],"about":[{"href":"https:\/\/scrantonlawfirm.com\/es\/wp-json\/wp\/v2\/types\/page"}],"author":[{"embeddable":true,"href":"https:\/\/scrantonlawfirm.com\/es\/wp-json\/wp\/v2\/users\/2"}],"replies":[{"embeddable":true,"href":"https:\/\/scrantonlawfirm.com\/es\/wp-json\/wp\/v2\/comments?post=41688"}],"version-history":[{"count":22,"href":"https:\/\/scrantonlawfirm.com\/es\/wp-json\/wp\/v2\/pages\/41688\/revisions"}],"predecessor-version":[{"id":43429,"href":"https:\/\/scrantonlawfirm.com\/es\/wp-json\/wp\/v2\/pages\/41688\/revisions\/43429"}],"up":[{"embeddable":true,"href":"https:\/\/scrantonlawfirm.com\/es\/wp-json\/wp\/v2\/pages\/100"}],"wp:attachment":[{"href":"https:\/\/scrantonlawfirm.com\/es\/wp-json\/wp\/v2\/media?parent=41688"}],"curies":[{"name":"wp","href":"https:\/\/api.w.org\/{rel}","templated":true}]}}